{"id":5368,"date":"2024-06-11T14:38:10","date_gmt":"2024-06-11T14:38:10","guid":{"rendered":"https:\/\/forotf.com\/?post_type=product&#038;p=5368"},"modified":"2026-02-25T12:31:57","modified_gmt":"2026-02-25T12:31:57","slug":"competencias-clave-para-la-coordinacion-de-equipos-sociosanitarios-solo-espana","status":"publish","type":"product","link":"https:\/\/forotf.com\/pt_pt\/curso\/competencias-clave-para-la-coordinacion-de-equipos-sociosanitarios-solo-espana\/","title":{"rendered":"Compet\u00eancias-chave para a coordena\u00e7\u00e3o de equipes sociais e de sa\u00fade"},"content":{"rendered":"<p>Descubra a chave para potencializar sua lideran\u00e7a na \u00e1rea social e de sa\u00fade com nosso curso &quot;Compet\u00eancias Chave para a Coordena\u00e7\u00e3o de Equipes Sociais e de Sa\u00fade&quot;<br \/>\nVoc\u00ea mergulhar\u00e1 no significado de humanizar a coordena\u00e7\u00e3o de equipes, desafiando e desaprendendo estilos relacionais que podem atrapalhar o desempenho. Voc\u00ea explorar\u00e1 o conceito de humaniza\u00e7\u00e3o, entendendo a miss\u00e3o fundamental do coordenador de equipe e avaliando como o seu pr\u00f3prio estilo relacional impacta as pessoas que voc\u00ea lidera.<\/p>\n<p>Este curso ir\u00e1 dot\u00e1-lo de ferramentas para conhecer a fundo sua equipe, fazendo um diagn\u00f3stico preciso das pessoas do grupo. Voc\u00ea descobrir\u00e1 diferentes tipos de relacionamento e aprender\u00e1 diretrizes eficazes para melhorar a colabora\u00e7\u00e3o e o desempenho da equipe.<\/p>\n<p>Voc\u00ea se concentrar\u00e1 em aprimorar suas habilidades de comunica\u00e7\u00e3o e coordena\u00e7\u00e3o, detalhando as compet\u00eancias-chave e os elementos centrais para uma comunica\u00e7\u00e3o eficaz. Voc\u00ea explorar\u00e1 v\u00e1rios estilos de acompanhamento para se adaptar \u00e0s necessidades espec\u00edficas de sua equipe.<\/p>\n<p>Neste curso voc\u00ea descobrir\u00e1 como aproveitar o conflito como uma oportunidade de crescimento. Voc\u00ea analisar\u00e1 as disparidades de crit\u00e9rios e os motivos do conflito, adquirindo estrat\u00e9gias pr\u00e1ticas para alcan\u00e7ar um ambiente de trabalho ideal e fortalecer a coes\u00e3o da equipe.<br \/>\nCadastre-se agora e aperfei\u00e7oe suas habilidades para liderar equipes de sa\u00fade com sucesso!<\/p>","protected":false},"excerpt":{"rendered":"<p>Fortale\u00e7a a sua lideran\u00e7a s\u00f3cio-sanit\u00e1ria com o curso \u201cCompet\u00eancias Chave para a Coordena\u00e7\u00e3o de Equipas Socio-Sa\u00fade\u201d! Aprenda a humanizar a coordena\u00e7\u00e3o, melhorar a comunica\u00e7\u00e3o e o desempenho da equipe e aproveitar os conflitos como oportunidades de crescimento. Cadastre-se agora e transforme a maneira como voc\u00ea lidera.<\/p>\n<p><img decoding=\"async\" class=\"alignnone size-medium wp-image-6000\" src=\"http:\/\/forotf.com\/wp-content\/uploads\/2024\/09\/CAMILOS-300x163.jpg\" alt=\"\" width=\"300\" height=\"163\" srcset=\"https:\/\/forotf.com\/wp-content\/uploads\/2024\/09\/CAMILOS-300x163.jpg 300w, https:\/\/forotf.com\/wp-content\/uploads\/2024\/09\/CAMILOS-18x10.jpg 18w, https:\/\/forotf.com\/wp-content\/uploads\/2024\/09\/CAMILOS-600x326.jpg 600w, https:\/\/forotf.com\/wp-content\/uploads\/2024\/09\/CAMILOS-64x35.jpg 64w, https:\/\/forotf.com\/wp-content\/uploads\/2024\/09\/CAMILOS.jpg 720w\" sizes=\"(max-width: 300px) 100vw, 300px\" \/><\/p>","protected":false},"featured_media":5369,"comment_status":"closed","ping_status":"closed","template":"","meta":{"codigo-servicio":"2210 A","costo-gestion":"9.08"},"product_brand":[],"product_cat":[15],"product_tag":[89,93,90,91,92,94],"class_list":{"0":"post-5368","1":"product","2":"type-product","3":"status-publish","4":"has-post-thumbnail","6":"product_cat-uncategorized","7":"product_tag-100-bonificable","8":"product_tag-certificado-de-finalizacion","9":"product_tag-multidispositivo","10":"product_tag-sin-horarios","11":"product_tag-test-de-evaluacion","12":"product_tag-tutor-acreditado","14":"first","15":"instock","16":"shipping-taxable","17":"purchasable","18":"product-type-simple"},"pp_statuses_selecting_workflow":false,"pp_workflow_action":"current","pp_status_selection":"publish","yoast_head":"<!-- This site is optimized with the Yoast SEO plugin v27.5 - https:\/\/yoast.com\/product\/yoast-seo-wordpress\/ -->\n<title>Curso de Competencias clave para la coordinaci\u00f3n de equipos sociosanitarios | Foro T\u00e9cnico de Formaci\u00f3n<\/title>\n<meta name=\"description\" content=\"Potencia tu conocimiento con nuestro curso Competencias clave para la coordinaci\u00f3n de equipos sociosanitarios. Descubre, aprende y crece con Foro T\u00e9cnico de Formaci\u00f3n.\" \/>\n<meta name=\"robots\" content=\"index, follow, max-snippet:-1, max-image-preview:large, max-video-preview:-1\" \/>\n<link rel=\"canonical\" href=\"https:\/\/forotf.com\/pt_pt\/curso\/competencias-clave-para-la-coordinacion-de-equipos-sociosanitarios-solo-espana\/\" \/>\n<meta property=\"og:locale\" content=\"pt_PT\" \/>\n<meta property=\"og:type\" content=\"article\" \/>\n<meta property=\"og:title\" content=\"Curso de Competencias clave para la coordinaci\u00f3n de equipos sociosanitarios | Foro T\u00e9cnico de Formaci\u00f3n\" \/>\n<meta property=\"og:description\" content=\"Potencia tu conocimiento con nuestro curso Competencias clave para la coordinaci\u00f3n de equipos sociosanitarios. Descubre, aprende y crece con Foro T\u00e9cnico de Formaci\u00f3n.\" \/>\n<meta property=\"og:url\" content=\"https:\/\/forotf.com\/pt_pt\/curso\/competencias-clave-para-la-coordinacion-de-equipos-sociosanitarios-solo-espana\/\" \/>\n<meta property=\"og:site_name\" content=\"Foro T\u00e9cnico de Formaci\u00f3n\" \/>\n<meta property=\"article:publisher\" content=\"https:\/\/es-es.facebook.com\/forotf\/\" \/>\n<meta property=\"article:modified_time\" content=\"2026-02-25T12:31:57+00:00\" \/>\n<meta property=\"og:image\" content=\"https:\/\/forotf.com\/wp-content\/uploads\/2024\/06\/1011-Coordinacion-de-equipos-sociosanitarios-II-1024x5361-1.jpg\" \/>\n\t<meta property=\"og:image:width\" content=\"1024\" \/>\n\t<meta property=\"og:image:height\" content=\"536\" \/>\n\t<meta property=\"og:image:type\" content=\"image\/jpeg\" \/>\n<meta name=\"twitter:card\" content=\"summary_large_image\" \/>\n<script type=\"application\/ld+json\" class=\"yoast-schema-graph\">{\"@context\":\"https:\\\/\\\/schema.org\",\"@graph\":[{\"@type\":\"WebPage\",\"@id\":\"https:\\\/\\\/forotf.com\\\/curso\\\/competencias-clave-para-la-coordinacion-de-equipos-sociosanitarios-solo-espana\\\/\",\"url\":\"https:\\\/\\\/forotf.com\\\/curso\\\/competencias-clave-para-la-coordinacion-de-equipos-sociosanitarios-solo-espana\\\/\",\"name\":\"Curso de Competencias clave para la coordinaci\u00f3n de equipos sociosanitarios | Foro T\u00e9cnico de Formaci\u00f3n\",\"isPartOf\":{\"@id\":\"http:\\\/\\\/forotf.com\\\/pt\\\/#website\"},\"primaryImageOfPage\":{\"@id\":\"https:\\\/\\\/forotf.com\\\/curso\\\/competencias-clave-para-la-coordinacion-de-equipos-sociosanitarios-solo-espana\\\/#primaryimage\"},\"image\":{\"@id\":\"https:\\\/\\\/forotf.com\\\/curso\\\/competencias-clave-para-la-coordinacion-de-equipos-sociosanitarios-solo-espana\\\/#primaryimage\"},\"thumbnailUrl\":\"https:\\\/\\\/forotf.com\\\/wp-content\\\/uploads\\\/2024\\\/06\\\/1011-Coordinacion-de-equipos-sociosanitarios-II-1024x5361-1.jpg\",\"datePublished\":\"2024-06-11T14:38:10+00:00\",\"dateModified\":\"2026-02-25T12:31:57+00:00\",\"description\":\"Potencia tu conocimiento con nuestro curso Competencias clave para la coordinaci\u00f3n de equipos sociosanitarios. Descubre, aprende y crece con Foro T\u00e9cnico de Formaci\u00f3n.\",\"breadcrumb\":{\"@id\":\"https:\\\/\\\/forotf.com\\\/curso\\\/competencias-clave-para-la-coordinacion-de-equipos-sociosanitarios-solo-espana\\\/#breadcrumb\"},\"inLanguage\":\"pt-PT\",\"potentialAction\":[{\"@type\":\"ReadAction\",\"target\":[\"https:\\\/\\\/forotf.com\\\/curso\\\/competencias-clave-para-la-coordinacion-de-equipos-sociosanitarios-solo-espana\\\/\"]}]},{\"@type\":\"ImageObject\",\"inLanguage\":\"pt-PT\",\"@id\":\"https:\\\/\\\/forotf.com\\\/curso\\\/competencias-clave-para-la-coordinacion-de-equipos-sociosanitarios-solo-espana\\\/#primaryimage\",\"url\":\"https:\\\/\\\/forotf.com\\\/wp-content\\\/uploads\\\/2024\\\/06\\\/1011-Coordinacion-de-equipos-sociosanitarios-II-1024x5361-1.jpg\",\"contentUrl\":\"https:\\\/\\\/forotf.com\\\/wp-content\\\/uploads\\\/2024\\\/06\\\/1011-Coordinacion-de-equipos-sociosanitarios-II-1024x5361-1.jpg\",\"width\":1024,\"height\":536},{\"@type\":\"BreadcrumbList\",\"@id\":\"https:\\\/\\\/forotf.com\\\/curso\\\/competencias-clave-para-la-coordinacion-de-equipos-sociosanitarios-solo-espana\\\/#breadcrumb\",\"itemListElement\":[{\"@type\":\"ListItem\",\"position\":1,\"name\":\"Inicio\",\"item\":\"https:\\\/\\\/forotf.com\\\/\"},{\"@type\":\"ListItem\",\"position\":2,\"name\":\"Cursos\",\"item\":\"https:\\\/\\\/forotf.com\\\/cursos\\\/\"},{\"@type\":\"ListItem\",\"position\":3,\"name\":\"Uncategorized\",\"item\":\"http:\\\/\\\/forotf.com\\\/pt\\\/product-category\\\/uncategorized\\\/\"},{\"@type\":\"ListItem\",\"position\":4,\"name\":\"Competencias clave para la coordinaci\u00f3n de equipos sociosanitarios\"}]},{\"@type\":\"WebSite\",\"@id\":\"http:\\\/\\\/forotf.com\\\/pt\\\/#website\",\"url\":\"http:\\\/\\\/forotf.com\\\/pt\\\/\",\"name\":\"Foro T\u00e9cnico de Formaci\u00f3n\",\"description\":\"Formaci\u00f3n para Empresas\",\"publisher\":{\"@id\":\"http:\\\/\\\/forotf.com\\\/pt\\\/#organization\"},\"alternateName\":\"FTF\",\"potentialAction\":[{\"@type\":\"SearchAction\",\"target\":{\"@type\":\"EntryPoint\",\"urlTemplate\":\"http:\\\/\\\/forotf.com\\\/pt\\\/?s={search_term_string}\"},\"query-input\":{\"@type\":\"PropertyValueSpecification\",\"valueRequired\":true,\"valueName\":\"search_term_string\"}}],\"inLanguage\":\"pt-PT\"},{\"@type\":\"Organization\",\"@id\":\"http:\\\/\\\/forotf.com\\\/pt\\\/#organization\",\"name\":\"Foro T\u00e9cnico de Formaci\u00f3n\",\"alternateName\":\"FTF\",\"url\":\"http:\\\/\\\/forotf.com\\\/pt\\\/\",\"logo\":{\"@type\":\"ImageObject\",\"inLanguage\":\"pt-PT\",\"@id\":\"http:\\\/\\\/forotf.com\\\/pt\\\/#\\\/schema\\\/logo\\\/image\\\/\",\"url\":\"https:\\\/\\\/forotf.com\\\/wp-content\\\/uploads\\\/2024\\\/02\\\/Oficial-Logo-FTF-Color.svg\",\"contentUrl\":\"https:\\\/\\\/forotf.com\\\/wp-content\\\/uploads\\\/2024\\\/02\\\/Oficial-Logo-FTF-Color.svg\",\"width\":794,\"height\":212,\"caption\":\"Foro T\u00e9cnico de Formaci\u00f3n\"},\"image\":{\"@id\":\"http:\\\/\\\/forotf.com\\\/pt\\\/#\\\/schema\\\/logo\\\/image\\\/\"},\"sameAs\":[\"https:\\\/\\\/es-es.facebook.com\\\/forotf\\\/\",\"https:\\\/\\\/www.instagram.com\\\/ftformacion\\\/?igshid=MWZjMTM2ODFkZg==\",\"https:\\\/\\\/www.linkedin.com\\\/company\\\/foro-tecnico-de-formacion\\\/?originalSubdomain=es\",\"https:\\\/\\\/www.youtube.com\\\/channel\\\/UCTzzsDUdLaZtfAGiP_ipLIg\"]}]}<\/script>\n<!-- \/ Yoast SEO plugin. -->","yoast_head_json":{"title":"Curso de Competencias clave para la coordinaci\u00f3n de equipos sociosanitarios | Foro T\u00e9cnico de Formaci\u00f3n","description":"Potencia tu conocimiento con nuestro curso Competencias clave para la coordinaci\u00f3n de equipos sociosanitarios. Descubre, aprende y crece con Foro T\u00e9cnico de Formaci\u00f3n.","robots":{"index":"index","follow":"follow","max-snippet":"max-snippet:-1","max-image-preview":"max-image-preview:large","max-video-preview":"max-video-preview:-1"},"canonical":"https:\/\/forotf.com\/pt_pt\/curso\/competencias-clave-para-la-coordinacion-de-equipos-sociosanitarios-solo-espana\/","og_locale":"pt_PT","og_type":"article","og_title":"Curso de Competencias clave para la coordinaci\u00f3n de equipos sociosanitarios | Foro T\u00e9cnico de Formaci\u00f3n","og_description":"Potencia tu conocimiento con nuestro curso Competencias clave para la coordinaci\u00f3n de equipos sociosanitarios. Descubre, aprende y crece con Foro T\u00e9cnico de Formaci\u00f3n.","og_url":"https:\/\/forotf.com\/pt_pt\/curso\/competencias-clave-para-la-coordinacion-de-equipos-sociosanitarios-solo-espana\/","og_site_name":"Foro T\u00e9cnico de Formaci\u00f3n","article_publisher":"https:\/\/es-es.facebook.com\/forotf\/","article_modified_time":"2026-02-25T12:31:57+00:00","og_image":[{"width":1024,"height":536,"url":"https:\/\/forotf.com\/wp-content\/uploads\/2024\/06\/1011-Coordinacion-de-equipos-sociosanitarios-II-1024x5361-1.jpg","type":"image\/jpeg"}],"twitter_card":"summary_large_image","schema":{"@context":"https:\/\/schema.org","@graph":[{"@type":"WebPage","@id":"https:\/\/forotf.com\/curso\/competencias-clave-para-la-coordinacion-de-equipos-sociosanitarios-solo-espana\/","url":"https:\/\/forotf.com\/curso\/competencias-clave-para-la-coordinacion-de-equipos-sociosanitarios-solo-espana\/","name":"Curso de Competencias clave para la coordinaci\u00f3n de equipos sociosanitarios | Foro T\u00e9cnico de Formaci\u00f3n","isPartOf":{"@id":"http:\/\/forotf.com\/pt\/#website"},"primaryImageOfPage":{"@id":"https:\/\/forotf.com\/curso\/competencias-clave-para-la-coordinacion-de-equipos-sociosanitarios-solo-espana\/#primaryimage"},"image":{"@id":"https:\/\/forotf.com\/curso\/competencias-clave-para-la-coordinacion-de-equipos-sociosanitarios-solo-espana\/#primaryimage"},"thumbnailUrl":"https:\/\/forotf.com\/wp-content\/uploads\/2024\/06\/1011-Coordinacion-de-equipos-sociosanitarios-II-1024x5361-1.jpg","datePublished":"2024-06-11T14:38:10+00:00","dateModified":"2026-02-25T12:31:57+00:00","description":"Potencia tu conocimiento con nuestro curso Competencias clave para la coordinaci\u00f3n de equipos sociosanitarios. Descubre, aprende y crece con Foro T\u00e9cnico de Formaci\u00f3n.","breadcrumb":{"@id":"https:\/\/forotf.com\/curso\/competencias-clave-para-la-coordinacion-de-equipos-sociosanitarios-solo-espana\/#breadcrumb"},"inLanguage":"pt-PT","potentialAction":[{"@type":"ReadAction","target":["https:\/\/forotf.com\/curso\/competencias-clave-para-la-coordinacion-de-equipos-sociosanitarios-solo-espana\/"]}]},{"@type":"ImageObject","inLanguage":"pt-PT","@id":"https:\/\/forotf.com\/curso\/competencias-clave-para-la-coordinacion-de-equipos-sociosanitarios-solo-espana\/#primaryimage","url":"https:\/\/forotf.com\/wp-content\/uploads\/2024\/06\/1011-Coordinacion-de-equipos-sociosanitarios-II-1024x5361-1.jpg","contentUrl":"https:\/\/forotf.com\/wp-content\/uploads\/2024\/06\/1011-Coordinacion-de-equipos-sociosanitarios-II-1024x5361-1.jpg","width":1024,"height":536},{"@type":"BreadcrumbList","@id":"https:\/\/forotf.com\/curso\/competencias-clave-para-la-coordinacion-de-equipos-sociosanitarios-solo-espana\/#breadcrumb","itemListElement":[{"@type":"ListItem","position":1,"name":"Inicio","item":"https:\/\/forotf.com\/"},{"@type":"ListItem","position":2,"name":"Cursos","item":"https:\/\/forotf.com\/cursos\/"},{"@type":"ListItem","position":3,"name":"Uncategorized","item":"http:\/\/forotf.com\/pt\/product-category\/uncategorized\/"},{"@type":"ListItem","position":4,"name":"Competencias clave para la coordinaci\u00f3n de equipos sociosanitarios"}]},{"@type":"WebSite","@id":"http:\/\/forotf.com\/pt\/#website","url":"http:\/\/forotf.com\/pt\/","name":"F\u00f3rum de Treinamento T\u00e9cnico","description":"Treinamento para Empresas","publisher":{"@id":"http:\/\/forotf.com\/pt\/#organization"},"alternateName":"FTF","potentialAction":[{"@type":"SearchAction","target":{"@type":"EntryPoint","urlTemplate":"http:\/\/forotf.com\/pt\/?s={search_term_string}"},"query-input":{"@type":"PropertyValueSpecification","valueRequired":true,"valueName":"search_term_string"}}],"inLanguage":"pt-PT"},{"@type":"Organization","@id":"http:\/\/forotf.com\/pt\/#organization","name":"F\u00f3rum de Treinamento T\u00e9cnico","alternateName":"FTF","url":"http:\/\/forotf.com\/pt\/","logo":{"@type":"ImageObject","inLanguage":"pt-PT","@id":"http:\/\/forotf.com\/pt\/#\/schema\/logo\/image\/","url":"https:\/\/forotf.com\/wp-content\/uploads\/2024\/02\/Oficial-Logo-FTF-Color.svg","contentUrl":"https:\/\/forotf.com\/wp-content\/uploads\/2024\/02\/Oficial-Logo-FTF-Color.svg","width":794,"height":212,"caption":"Foro T\u00e9cnico de Formaci\u00f3n"},"image":{"@id":"http:\/\/forotf.com\/pt\/#\/schema\/logo\/image\/"},"sameAs":["https:\/\/es-es.facebook.com\/forotf\/","https:\/\/www.instagram.com\/ftformacion\/?igshid=MWZjMTM2ODFkZg==","https:\/\/www.linkedin.com\/company\/foro-tecnico-de-formacion\/?originalSubdomain=es","https:\/\/www.youtube.com\/channel\/UCTzzsDUdLaZtfAGiP_ipLIg"]}]}},"publishpress_future_workflow_manual_trigger":{"enabledWorkflows":[]},"_links":{"self":[{"href":"https:\/\/forotf.com\/pt_pt\/wp-json\/wp\/v2\/product\/5368","targetHints":{"allow":["GET"]}}],"collection":[{"href":"https:\/\/forotf.com\/pt_pt\/wp-json\/wp\/v2\/product"}],"about":[{"href":"https:\/\/forotf.com\/pt_pt\/wp-json\/wp\/v2\/types\/product"}],"replies":[{"embeddable":true,"href":"https:\/\/forotf.com\/pt_pt\/wp-json\/wp\/v2\/comments?post=5368"}],"wp:featuredmedia":[{"embeddable":true,"href":"https:\/\/forotf.com\/pt_pt\/wp-json\/wp\/v2\/media\/5369"}],"wp:attachment":[{"href":"https:\/\/forotf.com\/pt_pt\/wp-json\/wp\/v2\/media?parent=5368"}],"wp:term":[{"taxonomy":"product_brand","embeddable":true,"href":"https:\/\/forotf.com\/pt_pt\/wp-json\/wp\/v2\/product_brand?post=5368"},{"taxonomy":"product_cat","embeddable":true,"href":"https:\/\/forotf.com\/pt_pt\/wp-json\/wp\/v2\/product_cat?post=5368"},{"taxonomy":"product_tag","embeddable":true,"href":"https:\/\/forotf.com\/pt_pt\/wp-json\/wp\/v2\/product_tag?post=5368"}],"curies":[{"name":"wp","href":"https:\/\/api.w.org\/{rel}","templated":true}]}}