{"id":2647,"date":"2024-03-01T02:26:27","date_gmt":"2024-03-01T02:26:27","guid":{"rendered":"https:\/\/forotf.com\/curso\/como-modular-el-estres-en-situaciones-criticas\/"},"modified":"2025-07-23T08:57:05","modified_gmt":"2025-07-23T08:57:05","slug":"como-modular-el-estres-en-situaciones-criticas","status":"publish","type":"product","link":"https:\/\/forotf.com\/pt_pt\/curso\/como-modular-el-estres-en-situaciones-criticas\/","title":{"rendered":"Como modular o estresse em situa\u00e7\u00f5es cr\u00edticas"},"content":{"rendered":"<p>Descubra como modular o estresse em situa\u00e7\u00f5es cr\u00edticas com nosso curso especializado! Vamos nos concentrar no gerenciamento do estresse, onde voc\u00ea abordar\u00e1 fatores de risco espec\u00edficos, como a s\u00edndrome do cuidador ou a s\u00edndrome de Burnout. Voc\u00ea aprender\u00e1 como gerenciar o estresse de maneira eficaz, detalhando estrat\u00e9gias e t\u00e9cnicas pr\u00e1ticas que o capacitar\u00e3o em situa\u00e7\u00f5es cr\u00edticas.<br \/>\nEste curso d\u00e1-lhe a oportunidade de adquirir compet\u00eancias essenciais para modular o stress, fornecendo-lhe ferramentas pr\u00e1ticas e estrat\u00e9gias concretas.<\/p>","protected":false},"excerpt":{"rendered":"<p>Neste curso voc\u00ea abordar\u00e1 o estresse na sua totalidade, desde a defini\u00e7\u00e3o do que \u00e9 o estresse at\u00e9 a explora\u00e7\u00e3o de seus tipos, fases e sintomatologia, voc\u00ea se munir\u00e1 de conhecimentos fundamentais. Inscreva-se agora e descubra como transformar o estresse em fonte de for\u00e7a em situa\u00e7\u00f5es cr\u00edticas!<\/p>","protected":false},"featured_media":1852,"comment_status":"closed","ping_status":"closed","template":"","meta":{"codigo-servicio":"2041-B","costo-gestion":"3.63"},"product_brand":[],"product_cat":[88],"product_tag":[89,93,90,91,92,94],"class_list":{"0":"post-2647","1":"product","2":"type-product","3":"status-publish","4":"has-post-thumbnail","6":"product_cat-programado","7":"product_tag-100-bonificable","8":"product_tag-certificado-de-finalizacion","9":"product_tag-multidispositivo","10":"product_tag-sin-horarios","11":"product_tag-test-de-evaluacion","12":"product_tag-tutor-acreditado","14":"first","15":"instock","16":"shipping-taxable","17":"purchasable","18":"product-type-simple"},"pp_statuses_selecting_workflow":false,"pp_workflow_action":"current","pp_status_selection":"publish","yoast_head":"<!-- This site is optimized with the Yoast SEO plugin v27.4 - https:\/\/yoast.com\/product\/yoast-seo-wordpress\/ -->\n<title>C\u00f3mo modular el estr\u00e9s en situaciones cr\u00edticas<\/title>\n<meta name=\"description\" content=\"Descubre las herramientas y t\u00e9cnicas fundamentales para modular el estr\u00e9s en situaciones cr\u00edticas con nuestro curso especializado\" \/>\n<meta name=\"robots\" content=\"index, follow, max-snippet:-1, max-image-preview:large, max-video-preview:-1\" \/>\n<link rel=\"canonical\" href=\"https:\/\/forotf.com\/pt_pt\/curso\/como-modular-el-estres-en-situaciones-criticas\/\" \/>\n<meta property=\"og:locale\" content=\"pt_PT\" \/>\n<meta property=\"og:type\" content=\"article\" \/>\n<meta property=\"og:title\" content=\"C\u00f3mo modular el estr\u00e9s en situaciones cr\u00edticas\" \/>\n<meta property=\"og:description\" content=\"Descubre las herramientas y t\u00e9cnicas fundamentales para modular el estr\u00e9s en situaciones cr\u00edticas con nuestro curso especializado\" \/>\n<meta property=\"og:url\" content=\"https:\/\/forotf.com\/pt_pt\/curso\/como-modular-el-estres-en-situaciones-criticas\/\" \/>\n<meta property=\"og:site_name\" content=\"Foro T\u00e9cnico de Formaci\u00f3n\" \/>\n<meta property=\"article:publisher\" content=\"https:\/\/es-es.facebook.com\/forotf\/\" \/>\n<meta property=\"article:modified_time\" content=\"2025-07-23T08:57:05+00:00\" \/>\n<meta property=\"og:image\" content=\"https:\/\/forotf.com\/wp-content\/uploads\/2024\/02\/Estres-en-situaciones-criticas-1.jpg\" \/>\n\t<meta property=\"og:image:width\" content=\"1000\" \/>\n\t<meta property=\"og:image:height\" content=\"667\" \/>\n\t<meta property=\"og:image:type\" content=\"image\/jpeg\" \/>\n<meta name=\"twitter:card\" content=\"summary_large_image\" \/>\n<script type=\"application\/ld+json\" class=\"yoast-schema-graph\">{\"@context\":\"https:\\\/\\\/schema.org\",\"@graph\":[{\"@type\":\"WebPage\",\"@id\":\"https:\\\/\\\/forotf.com\\\/curso\\\/como-modular-el-estres-en-situaciones-criticas\\\/\",\"url\":\"https:\\\/\\\/forotf.com\\\/curso\\\/como-modular-el-estres-en-situaciones-criticas\\\/\",\"name\":\"C\u00f3mo modular el estr\u00e9s en situaciones cr\u00edticas\",\"isPartOf\":{\"@id\":\"http:\\\/\\\/forotf.com\\\/pt\\\/#website\"},\"primaryImageOfPage\":{\"@id\":\"https:\\\/\\\/forotf.com\\\/curso\\\/como-modular-el-estres-en-situaciones-criticas\\\/#primaryimage\"},\"image\":{\"@id\":\"https:\\\/\\\/forotf.com\\\/curso\\\/como-modular-el-estres-en-situaciones-criticas\\\/#primaryimage\"},\"thumbnailUrl\":\"https:\\\/\\\/forotf.com\\\/wp-content\\\/uploads\\\/2024\\\/02\\\/Estres-en-situaciones-criticas-1.jpg\",\"datePublished\":\"2024-03-01T02:26:27+00:00\",\"dateModified\":\"2025-07-23T08:57:05+00:00\",\"description\":\"Descubre las herramientas y t\u00e9cnicas fundamentales para modular el estr\u00e9s en situaciones cr\u00edticas con nuestro curso especializado\",\"breadcrumb\":{\"@id\":\"https:\\\/\\\/forotf.com\\\/curso\\\/como-modular-el-estres-en-situaciones-criticas\\\/#breadcrumb\"},\"inLanguage\":\"pt-PT\",\"potentialAction\":[{\"@type\":\"ReadAction\",\"target\":[\"https:\\\/\\\/forotf.com\\\/curso\\\/como-modular-el-estres-en-situaciones-criticas\\\/\"]}]},{\"@type\":\"ImageObject\",\"inLanguage\":\"pt-PT\",\"@id\":\"https:\\\/\\\/forotf.com\\\/curso\\\/como-modular-el-estres-en-situaciones-criticas\\\/#primaryimage\",\"url\":\"https:\\\/\\\/forotf.com\\\/wp-content\\\/uploads\\\/2024\\\/02\\\/Estres-en-situaciones-criticas-1.jpg\",\"contentUrl\":\"https:\\\/\\\/forotf.com\\\/wp-content\\\/uploads\\\/2024\\\/02\\\/Estres-en-situaciones-criticas-1.jpg\",\"width\":1000,\"height\":667},{\"@type\":\"BreadcrumbList\",\"@id\":\"https:\\\/\\\/forotf.com\\\/curso\\\/como-modular-el-estres-en-situaciones-criticas\\\/#breadcrumb\",\"itemListElement\":[{\"@type\":\"ListItem\",\"position\":1,\"name\":\"Inicio\",\"item\":\"https:\\\/\\\/forotf.com\\\/\"},{\"@type\":\"ListItem\",\"position\":2,\"name\":\"Cursos\",\"item\":\"https:\\\/\\\/forotf.com\\\/cursos\\\/\"},{\"@type\":\"ListItem\",\"position\":3,\"name\":\"Programado\",\"item\":\"http:\\\/\\\/forotf.com\\\/pt\\\/product-category\\\/programado\\\/\"},{\"@type\":\"ListItem\",\"position\":4,\"name\":\"C\u00f3mo modular el estr\u00e9s en situaciones cr\u00edticas\"}]},{\"@type\":\"WebSite\",\"@id\":\"http:\\\/\\\/forotf.com\\\/pt\\\/#website\",\"url\":\"http:\\\/\\\/forotf.com\\\/pt\\\/\",\"name\":\"Foro T\u00e9cnico de Formaci\u00f3n\",\"description\":\"Formaci\u00f3n para Empresas\",\"publisher\":{\"@id\":\"http:\\\/\\\/forotf.com\\\/pt\\\/#organization\"},\"alternateName\":\"FTF\",\"potentialAction\":[{\"@type\":\"SearchAction\",\"target\":{\"@type\":\"EntryPoint\",\"urlTemplate\":\"http:\\\/\\\/forotf.com\\\/pt\\\/?s={search_term_string}\"},\"query-input\":{\"@type\":\"PropertyValueSpecification\",\"valueRequired\":true,\"valueName\":\"search_term_string\"}}],\"inLanguage\":\"pt-PT\"},{\"@type\":\"Organization\",\"@id\":\"http:\\\/\\\/forotf.com\\\/pt\\\/#organization\",\"name\":\"Foro T\u00e9cnico de Formaci\u00f3n\",\"alternateName\":\"FTF\",\"url\":\"http:\\\/\\\/forotf.com\\\/pt\\\/\",\"logo\":{\"@type\":\"ImageObject\",\"inLanguage\":\"pt-PT\",\"@id\":\"http:\\\/\\\/forotf.com\\\/pt\\\/#\\\/schema\\\/logo\\\/image\\\/\",\"url\":\"https:\\\/\\\/forotf.com\\\/wp-content\\\/uploads\\\/2024\\\/02\\\/Oficial-Logo-FTF-Color.svg\",\"contentUrl\":\"https:\\\/\\\/forotf.com\\\/wp-content\\\/uploads\\\/2024\\\/02\\\/Oficial-Logo-FTF-Color.svg\",\"width\":794,\"height\":212,\"caption\":\"Foro T\u00e9cnico de Formaci\u00f3n\"},\"image\":{\"@id\":\"http:\\\/\\\/forotf.com\\\/pt\\\/#\\\/schema\\\/logo\\\/image\\\/\"},\"sameAs\":[\"https:\\\/\\\/es-es.facebook.com\\\/forotf\\\/\",\"https:\\\/\\\/www.instagram.com\\\/ftformacion\\\/?igshid=MWZjMTM2ODFkZg==\",\"https:\\\/\\\/www.linkedin.com\\\/company\\\/foro-tecnico-de-formacion\\\/?originalSubdomain=es\",\"https:\\\/\\\/www.youtube.com\\\/channel\\\/UCTzzsDUdLaZtfAGiP_ipLIg\"]}]}<\/script>\n<!-- \/ Yoast SEO plugin. -->","yoast_head_json":{"title":"Como modular o estresse em situa\u00e7\u00f5es cr\u00edticas","description":"Descubre las herramientas y t\u00e9cnicas fundamentales para modular el estr\u00e9s en situaciones cr\u00edticas con nuestro curso especializado","robots":{"index":"index","follow":"follow","max-snippet":"max-snippet:-1","max-image-preview":"max-image-preview:large","max-video-preview":"max-video-preview:-1"},"canonical":"https:\/\/forotf.com\/pt_pt\/curso\/como-modular-el-estres-en-situaciones-criticas\/","og_locale":"pt_PT","og_type":"article","og_title":"C\u00f3mo modular el estr\u00e9s en situaciones cr\u00edticas","og_description":"Descubre las herramientas y t\u00e9cnicas fundamentales para modular el estr\u00e9s en situaciones cr\u00edticas con nuestro curso especializado","og_url":"https:\/\/forotf.com\/pt_pt\/curso\/como-modular-el-estres-en-situaciones-criticas\/","og_site_name":"Foro T\u00e9cnico de Formaci\u00f3n","article_publisher":"https:\/\/es-es.facebook.com\/forotf\/","article_modified_time":"2025-07-23T08:57:05+00:00","og_image":[{"width":1000,"height":667,"url":"https:\/\/forotf.com\/wp-content\/uploads\/2024\/02\/Estres-en-situaciones-criticas-1.jpg","type":"image\/jpeg"}],"twitter_card":"summary_large_image","schema":{"@context":"https:\/\/schema.org","@graph":[{"@type":"WebPage","@id":"https:\/\/forotf.com\/curso\/como-modular-el-estres-en-situaciones-criticas\/","url":"https:\/\/forotf.com\/curso\/como-modular-el-estres-en-situaciones-criticas\/","name":"Como modular o estresse em situa\u00e7\u00f5es cr\u00edticas","isPartOf":{"@id":"http:\/\/forotf.com\/pt\/#website"},"primaryImageOfPage":{"@id":"https:\/\/forotf.com\/curso\/como-modular-el-estres-en-situaciones-criticas\/#primaryimage"},"image":{"@id":"https:\/\/forotf.com\/curso\/como-modular-el-estres-en-situaciones-criticas\/#primaryimage"},"thumbnailUrl":"https:\/\/forotf.com\/wp-content\/uploads\/2024\/02\/Estres-en-situaciones-criticas-1.jpg","datePublished":"2024-03-01T02:26:27+00:00","dateModified":"2025-07-23T08:57:05+00:00","description":"Descubre las herramientas y t\u00e9cnicas fundamentales para modular el estr\u00e9s en situaciones cr\u00edticas con nuestro curso especializado","breadcrumb":{"@id":"https:\/\/forotf.com\/curso\/como-modular-el-estres-en-situaciones-criticas\/#breadcrumb"},"inLanguage":"pt-PT","potentialAction":[{"@type":"ReadAction","target":["https:\/\/forotf.com\/curso\/como-modular-el-estres-en-situaciones-criticas\/"]}]},{"@type":"ImageObject","inLanguage":"pt-PT","@id":"https:\/\/forotf.com\/curso\/como-modular-el-estres-en-situaciones-criticas\/#primaryimage","url":"https:\/\/forotf.com\/wp-content\/uploads\/2024\/02\/Estres-en-situaciones-criticas-1.jpg","contentUrl":"https:\/\/forotf.com\/wp-content\/uploads\/2024\/02\/Estres-en-situaciones-criticas-1.jpg","width":1000,"height":667},{"@type":"BreadcrumbList","@id":"https:\/\/forotf.com\/curso\/como-modular-el-estres-en-situaciones-criticas\/#breadcrumb","itemListElement":[{"@type":"ListItem","position":1,"name":"Inicio","item":"https:\/\/forotf.com\/"},{"@type":"ListItem","position":2,"name":"Cursos","item":"https:\/\/forotf.com\/cursos\/"},{"@type":"ListItem","position":3,"name":"Programado","item":"http:\/\/forotf.com\/pt\/product-category\/programado\/"},{"@type":"ListItem","position":4,"name":"C\u00f3mo modular el estr\u00e9s en situaciones cr\u00edticas"}]},{"@type":"WebSite","@id":"http:\/\/forotf.com\/pt\/#website","url":"http:\/\/forotf.com\/pt\/","name":"F\u00f3rum de Treinamento T\u00e9cnico","description":"Treinamento para Empresas","publisher":{"@id":"http:\/\/forotf.com\/pt\/#organization"},"alternateName":"FTF","potentialAction":[{"@type":"SearchAction","target":{"@type":"EntryPoint","urlTemplate":"http:\/\/forotf.com\/pt\/?s={search_term_string}"},"query-input":{"@type":"PropertyValueSpecification","valueRequired":true,"valueName":"search_term_string"}}],"inLanguage":"pt-PT"},{"@type":"Organization","@id":"http:\/\/forotf.com\/pt\/#organization","name":"F\u00f3rum de Treinamento T\u00e9cnico","alternateName":"FTF","url":"http:\/\/forotf.com\/pt\/","logo":{"@type":"ImageObject","inLanguage":"pt-PT","@id":"http:\/\/forotf.com\/pt\/#\/schema\/logo\/image\/","url":"https:\/\/forotf.com\/wp-content\/uploads\/2024\/02\/Oficial-Logo-FTF-Color.svg","contentUrl":"https:\/\/forotf.com\/wp-content\/uploads\/2024\/02\/Oficial-Logo-FTF-Color.svg","width":794,"height":212,"caption":"Foro T\u00e9cnico de Formaci\u00f3n"},"image":{"@id":"http:\/\/forotf.com\/pt\/#\/schema\/logo\/image\/"},"sameAs":["https:\/\/es-es.facebook.com\/forotf\/","https:\/\/www.instagram.com\/ftformacion\/?igshid=MWZjMTM2ODFkZg==","https:\/\/www.linkedin.com\/company\/foro-tecnico-de-formacion\/?originalSubdomain=es","https:\/\/www.youtube.com\/channel\/UCTzzsDUdLaZtfAGiP_ipLIg"]}]}},"publishpress_future_workflow_manual_trigger":{"enabledWorkflows":[]},"_links":{"self":[{"href":"https:\/\/forotf.com\/pt_pt\/wp-json\/wp\/v2\/product\/2647","targetHints":{"allow":["GET"]}}],"collection":[{"href":"https:\/\/forotf.com\/pt_pt\/wp-json\/wp\/v2\/product"}],"about":[{"href":"https:\/\/forotf.com\/pt_pt\/wp-json\/wp\/v2\/types\/product"}],"replies":[{"embeddable":true,"href":"https:\/\/forotf.com\/pt_pt\/wp-json\/wp\/v2\/comments?post=2647"}],"wp:featuredmedia":[{"embeddable":true,"href":"https:\/\/forotf.com\/pt_pt\/wp-json\/wp\/v2\/media\/1852"}],"wp:attachment":[{"href":"https:\/\/forotf.com\/pt_pt\/wp-json\/wp\/v2\/media?parent=2647"}],"wp:term":[{"taxonomy":"product_brand","embeddable":true,"href":"https:\/\/forotf.com\/pt_pt\/wp-json\/wp\/v2\/product_brand?post=2647"},{"taxonomy":"product_cat","embeddable":true,"href":"https:\/\/forotf.com\/pt_pt\/wp-json\/wp\/v2\/product_cat?post=2647"},{"taxonomy":"product_tag","embeddable":true,"href":"https:\/\/forotf.com\/pt_pt\/wp-json\/wp\/v2\/product_tag?post=2647"}],"curies":[{"name":"wp","href":"https:\/\/api.w.org\/{rel}","templated":true}]}}