{"id":2638,"date":"2024-03-01T02:26:12","date_gmt":"2024-03-01T02:26:12","guid":{"rendered":"https:\/\/forotf.com\/curso\/deteccion-precoz-de-demencias\/"},"modified":"2024-07-26T08:15:08","modified_gmt":"2024-07-26T08:15:08","slug":"deteccion-precoz-de-demencias","status":"publish","type":"product","link":"https:\/\/forotf.com\/pt\/curso\/deteccion-precoz-de-demencias\/","title":{"rendered":"Detec\u00e7\u00e3o precoce de dem\u00eancia"},"content":{"rendered":"","protected":false},"excerpt":{"rendered":"<p>As dem\u00eancias representam um grave problema m\u00e9dico devido \u00e0 sua frequ\u00eancia crescente face ao envelhecimento progressivo da popula\u00e7\u00e3o. Embora se concentrem no comprometimento cognitivo, os sintomas psicopatol\u00f3gicos podem ser cruciais. As equipes de sa\u00fade desempenham um papel fundamental, necessitando de capacita\u00e7\u00e3o para detec\u00e7\u00e3o de dem\u00eancia e diagn\u00f3stico precoce.<\/p>","protected":false},"featured_media":1850,"comment_status":"closed","ping_status":"closed","template":"","meta":{"codigo-servicio":"2180-A","costo-gestion":"13.61"},"product_brand":[],"product_cat":[88],"product_tag":[89,93,141,90,91,92,94],"class_list":{"0":"post-2638","1":"product","2":"type-product","3":"status-publish","4":"has-post-thumbnail","6":"product_cat-programado","7":"product_tag-100-bonificable","8":"product_tag-certificado-de-finalizacion","9":"product_tag-en-colaboracion-con-4doctors","10":"product_tag-multidispositivo","11":"product_tag-sin-horarios","12":"product_tag-test-de-evaluacion","13":"product_tag-tutor-acreditado","15":"first","16":"instock","17":"virtual","18":"purchasable","19":"product-type-simple"},"pp_statuses_selecting_workflow":false,"pp_workflow_action":"current","pp_status_selection":"publish","yoast_head":"<!-- This site is optimized with the Yoast SEO plugin v27.4 - https:\/\/yoast.com\/product\/yoast-seo-wordpress\/ -->\n<title>Detecci\u00f3n precoz de demencias<\/title>\n<meta name=\"description\" content=\"Formaci\u00f3n para la detecci\u00f3n de demencias y diagn\u00f3stico temprano, necesaria para equipos sanitarios debido al grave problema m\u00e9dico que suponen\" \/>\n<meta name=\"robots\" content=\"index, follow, max-snippet:-1, max-image-preview:large, max-video-preview:-1\" \/>\n<link rel=\"canonical\" href=\"http:\/\/forotf.com\/pt\/curso\/deteccion-precoz-de-demencias\/\" \/>\n<meta property=\"og:locale\" content=\"pt_BR\" \/>\n<meta property=\"og:type\" content=\"article\" \/>\n<meta property=\"og:title\" content=\"Detecci\u00f3n precoz de demencias\" \/>\n<meta property=\"og:description\" content=\"Formaci\u00f3n para la detecci\u00f3n de demencias y diagn\u00f3stico temprano, necesaria para equipos sanitarios debido al grave problema m\u00e9dico que suponen\" \/>\n<meta property=\"og:url\" content=\"http:\/\/forotf.com\/pt\/curso\/deteccion-precoz-de-demencias\/\" \/>\n<meta property=\"og:site_name\" content=\"Foro T\u00e9cnico de Formaci\u00f3n\" \/>\n<meta property=\"article:publisher\" content=\"https:\/\/es-es.facebook.com\/forotf\/\" \/>\n<meta property=\"article:modified_time\" content=\"2024-07-26T08:15:08+00:00\" \/>\n<meta property=\"og:image\" content=\"http:\/\/forotf.com\/wp-content\/uploads\/2024\/02\/Deteccion-precoz-demencias.jpg\" \/>\n\t<meta property=\"og:image:width\" content=\"1000\" \/>\n\t<meta property=\"og:image:height\" content=\"667\" \/>\n\t<meta property=\"og:image:type\" content=\"image\/jpeg\" \/>\n<meta name=\"twitter:card\" content=\"summary_large_image\" \/>\n<script type=\"application\/ld+json\" class=\"yoast-schema-graph\">{\"@context\":\"https:\\\/\\\/schema.org\",\"@graph\":[{\"@type\":\"WebPage\",\"@id\":\"http:\\\/\\\/forotf.com\\\/pt\\\/curso\\\/deteccion-precoz-de-demencias\\\/\",\"url\":\"http:\\\/\\\/forotf.com\\\/pt\\\/curso\\\/deteccion-precoz-de-demencias\\\/\",\"name\":\"Detecci\u00f3n precoz de demencias\",\"isPartOf\":{\"@id\":\"http:\\\/\\\/forotf.com\\\/pt\\\/#website\"},\"primaryImageOfPage\":{\"@id\":\"http:\\\/\\\/forotf.com\\\/pt\\\/curso\\\/deteccion-precoz-de-demencias\\\/#primaryimage\"},\"image\":{\"@id\":\"http:\\\/\\\/forotf.com\\\/pt\\\/curso\\\/deteccion-precoz-de-demencias\\\/#primaryimage\"},\"thumbnailUrl\":\"https:\\\/\\\/forotf.com\\\/wp-content\\\/uploads\\\/2024\\\/02\\\/Deteccion-precoz-demencias.jpg\",\"datePublished\":\"2024-03-01T02:26:12+00:00\",\"dateModified\":\"2024-07-26T08:15:08+00:00\",\"description\":\"Formaci\u00f3n para la detecci\u00f3n de demencias y diagn\u00f3stico temprano, necesaria para equipos sanitarios debido al grave problema m\u00e9dico que suponen\",\"breadcrumb\":{\"@id\":\"http:\\\/\\\/forotf.com\\\/pt\\\/curso\\\/deteccion-precoz-de-demencias\\\/#breadcrumb\"},\"inLanguage\":\"pt-BR\",\"potentialAction\":[{\"@type\":\"ReadAction\",\"target\":[\"http:\\\/\\\/forotf.com\\\/pt\\\/curso\\\/deteccion-precoz-de-demencias\\\/\"]}]},{\"@type\":\"ImageObject\",\"inLanguage\":\"pt-BR\",\"@id\":\"http:\\\/\\\/forotf.com\\\/pt\\\/curso\\\/deteccion-precoz-de-demencias\\\/#primaryimage\",\"url\":\"https:\\\/\\\/forotf.com\\\/wp-content\\\/uploads\\\/2024\\\/02\\\/Deteccion-precoz-demencias.jpg\",\"contentUrl\":\"https:\\\/\\\/forotf.com\\\/wp-content\\\/uploads\\\/2024\\\/02\\\/Deteccion-precoz-demencias.jpg\",\"width\":1000,\"height\":667},{\"@type\":\"BreadcrumbList\",\"@id\":\"http:\\\/\\\/forotf.com\\\/pt\\\/curso\\\/deteccion-precoz-de-demencias\\\/#breadcrumb\",\"itemListElement\":[{\"@type\":\"ListItem\",\"position\":1,\"name\":\"Inicio\",\"item\":\"https:\\\/\\\/forotf.com\\\/\"},{\"@type\":\"ListItem\",\"position\":2,\"name\":\"Cursos\",\"item\":\"https:\\\/\\\/forotf.com\\\/cursos\\\/\"},{\"@type\":\"ListItem\",\"position\":3,\"name\":\"Programado\",\"item\":\"http:\\\/\\\/forotf.com\\\/pt\\\/product-category\\\/programado\\\/\"},{\"@type\":\"ListItem\",\"position\":4,\"name\":\"Detecci\u00f3n precoz de demencias\"}]},{\"@type\":\"WebSite\",\"@id\":\"http:\\\/\\\/forotf.com\\\/pt\\\/#website\",\"url\":\"http:\\\/\\\/forotf.com\\\/pt\\\/\",\"name\":\"Foro T\u00e9cnico de Formaci\u00f3n\",\"description\":\"Formaci\u00f3n para Empresas\",\"publisher\":{\"@id\":\"http:\\\/\\\/forotf.com\\\/pt\\\/#organization\"},\"alternateName\":\"FTF\",\"potentialAction\":[{\"@type\":\"SearchAction\",\"target\":{\"@type\":\"EntryPoint\",\"urlTemplate\":\"http:\\\/\\\/forotf.com\\\/pt\\\/?s={search_term_string}\"},\"query-input\":{\"@type\":\"PropertyValueSpecification\",\"valueRequired\":true,\"valueName\":\"search_term_string\"}}],\"inLanguage\":\"pt-BR\"},{\"@type\":\"Organization\",\"@id\":\"http:\\\/\\\/forotf.com\\\/pt\\\/#organization\",\"name\":\"Foro T\u00e9cnico de Formaci\u00f3n\",\"alternateName\":\"FTF\",\"url\":\"http:\\\/\\\/forotf.com\\\/pt\\\/\",\"logo\":{\"@type\":\"ImageObject\",\"inLanguage\":\"pt-BR\",\"@id\":\"http:\\\/\\\/forotf.com\\\/pt\\\/#\\\/schema\\\/logo\\\/image\\\/\",\"url\":\"https:\\\/\\\/forotf.com\\\/wp-content\\\/uploads\\\/2024\\\/02\\\/Oficial-Logo-FTF-Color.svg\",\"contentUrl\":\"https:\\\/\\\/forotf.com\\\/wp-content\\\/uploads\\\/2024\\\/02\\\/Oficial-Logo-FTF-Color.svg\",\"width\":794,\"height\":212,\"caption\":\"Foro T\u00e9cnico de Formaci\u00f3n\"},\"image\":{\"@id\":\"http:\\\/\\\/forotf.com\\\/pt\\\/#\\\/schema\\\/logo\\\/image\\\/\"},\"sameAs\":[\"https:\\\/\\\/es-es.facebook.com\\\/forotf\\\/\",\"https:\\\/\\\/www.instagram.com\\\/ftformacion\\\/?igshid=MWZjMTM2ODFkZg==\",\"https:\\\/\\\/www.linkedin.com\\\/company\\\/foro-tecnico-de-formacion\\\/?originalSubdomain=es\",\"https:\\\/\\\/www.youtube.com\\\/channel\\\/UCTzzsDUdLaZtfAGiP_ipLIg\"]}]}<\/script>\n<!-- \/ Yoast SEO plugin. -->","yoast_head_json":{"title":"Detec\u00e7\u00e3o precoce de dem\u00eancia","description":"Formaci\u00f3n para la detecci\u00f3n de demencias y diagn\u00f3stico temprano, necesaria para equipos sanitarios debido al grave problema m\u00e9dico que suponen","robots":{"index":"index","follow":"follow","max-snippet":"max-snippet:-1","max-image-preview":"max-image-preview:large","max-video-preview":"max-video-preview:-1"},"canonical":"http:\/\/forotf.com\/pt\/curso\/deteccion-precoz-de-demencias\/","og_locale":"pt_BR","og_type":"article","og_title":"Detecci\u00f3n precoz de demencias","og_description":"Formaci\u00f3n para la detecci\u00f3n de demencias y diagn\u00f3stico temprano, necesaria para equipos sanitarios debido al grave problema m\u00e9dico que suponen","og_url":"http:\/\/forotf.com\/pt\/curso\/deteccion-precoz-de-demencias\/","og_site_name":"Foro T\u00e9cnico de Formaci\u00f3n","article_publisher":"https:\/\/es-es.facebook.com\/forotf\/","article_modified_time":"2024-07-26T08:15:08+00:00","og_image":[{"width":1000,"height":667,"url":"http:\/\/forotf.com\/wp-content\/uploads\/2024\/02\/Deteccion-precoz-demencias.jpg","type":"image\/jpeg"}],"twitter_card":"summary_large_image","schema":{"@context":"https:\/\/schema.org","@graph":[{"@type":"WebPage","@id":"http:\/\/forotf.com\/pt\/curso\/deteccion-precoz-de-demencias\/","url":"http:\/\/forotf.com\/pt\/curso\/deteccion-precoz-de-demencias\/","name":"Detec\u00e7\u00e3o precoce de dem\u00eancia","isPartOf":{"@id":"http:\/\/forotf.com\/pt\/#website"},"primaryImageOfPage":{"@id":"http:\/\/forotf.com\/pt\/curso\/deteccion-precoz-de-demencias\/#primaryimage"},"image":{"@id":"http:\/\/forotf.com\/pt\/curso\/deteccion-precoz-de-demencias\/#primaryimage"},"thumbnailUrl":"https:\/\/forotf.com\/wp-content\/uploads\/2024\/02\/Deteccion-precoz-demencias.jpg","datePublished":"2024-03-01T02:26:12+00:00","dateModified":"2024-07-26T08:15:08+00:00","description":"Formaci\u00f3n para la detecci\u00f3n de demencias y diagn\u00f3stico temprano, necesaria para equipos sanitarios debido al grave problema m\u00e9dico que suponen","breadcrumb":{"@id":"http:\/\/forotf.com\/pt\/curso\/deteccion-precoz-de-demencias\/#breadcrumb"},"inLanguage":"pt-BR","potentialAction":[{"@type":"ReadAction","target":["http:\/\/forotf.com\/pt\/curso\/deteccion-precoz-de-demencias\/"]}]},{"@type":"ImageObject","inLanguage":"pt-BR","@id":"http:\/\/forotf.com\/pt\/curso\/deteccion-precoz-de-demencias\/#primaryimage","url":"https:\/\/forotf.com\/wp-content\/uploads\/2024\/02\/Deteccion-precoz-demencias.jpg","contentUrl":"https:\/\/forotf.com\/wp-content\/uploads\/2024\/02\/Deteccion-precoz-demencias.jpg","width":1000,"height":667},{"@type":"BreadcrumbList","@id":"http:\/\/forotf.com\/pt\/curso\/deteccion-precoz-de-demencias\/#breadcrumb","itemListElement":[{"@type":"ListItem","position":1,"name":"Inicio","item":"https:\/\/forotf.com\/"},{"@type":"ListItem","position":2,"name":"Cursos","item":"https:\/\/forotf.com\/cursos\/"},{"@type":"ListItem","position":3,"name":"Programado","item":"http:\/\/forotf.com\/pt\/product-category\/programado\/"},{"@type":"ListItem","position":4,"name":"Detecci\u00f3n precoz de demencias"}]},{"@type":"WebSite","@id":"http:\/\/forotf.com\/pt\/#website","url":"http:\/\/forotf.com\/pt\/","name":"F\u00f3rum de Treinamento T\u00e9cnico","description":"Treinamento para Empresas","publisher":{"@id":"http:\/\/forotf.com\/pt\/#organization"},"alternateName":"FTF","potentialAction":[{"@type":"SearchAction","target":{"@type":"EntryPoint","urlTemplate":"http:\/\/forotf.com\/pt\/?s={search_term_string}"},"query-input":{"@type":"PropertyValueSpecification","valueRequired":true,"valueName":"search_term_string"}}],"inLanguage":"pt-BR"},{"@type":"Organization","@id":"http:\/\/forotf.com\/pt\/#organization","name":"F\u00f3rum de Treinamento T\u00e9cnico","alternateName":"FTF","url":"http:\/\/forotf.com\/pt\/","logo":{"@type":"ImageObject","inLanguage":"pt-BR","@id":"http:\/\/forotf.com\/pt\/#\/schema\/logo\/image\/","url":"https:\/\/forotf.com\/wp-content\/uploads\/2024\/02\/Oficial-Logo-FTF-Color.svg","contentUrl":"https:\/\/forotf.com\/wp-content\/uploads\/2024\/02\/Oficial-Logo-FTF-Color.svg","width":794,"height":212,"caption":"Foro T\u00e9cnico de Formaci\u00f3n"},"image":{"@id":"http:\/\/forotf.com\/pt\/#\/schema\/logo\/image\/"},"sameAs":["https:\/\/es-es.facebook.com\/forotf\/","https:\/\/www.instagram.com\/ftformacion\/?igshid=MWZjMTM2ODFkZg==","https:\/\/www.linkedin.com\/company\/foro-tecnico-de-formacion\/?originalSubdomain=es","https:\/\/www.youtube.com\/channel\/UCTzzsDUdLaZtfAGiP_ipLIg"]}]}},"publishpress_future_workflow_manual_trigger":{"enabledWorkflows":[]},"_links":{"self":[{"href":"https:\/\/forotf.com\/pt\/wp-json\/wp\/v2\/product\/2638","targetHints":{"allow":["GET"]}}],"collection":[{"href":"https:\/\/forotf.com\/pt\/wp-json\/wp\/v2\/product"}],"about":[{"href":"https:\/\/forotf.com\/pt\/wp-json\/wp\/v2\/types\/product"}],"replies":[{"embeddable":true,"href":"https:\/\/forotf.com\/pt\/wp-json\/wp\/v2\/comments?post=2638"}],"wp:featuredmedia":[{"embeddable":true,"href":"https:\/\/forotf.com\/pt\/wp-json\/wp\/v2\/media\/1850"}],"wp:attachment":[{"href":"https:\/\/forotf.com\/pt\/wp-json\/wp\/v2\/media?parent=2638"}],"wp:term":[{"taxonomy":"product_brand","embeddable":true,"href":"https:\/\/forotf.com\/pt\/wp-json\/wp\/v2\/product_brand?post=2638"},{"taxonomy":"product_cat","embeddable":true,"href":"https:\/\/forotf.com\/pt\/wp-json\/wp\/v2\/product_cat?post=2638"},{"taxonomy":"product_tag","embeddable":true,"href":"https:\/\/forotf.com\/pt\/wp-json\/wp\/v2\/product_tag?post=2638"}],"curies":[{"name":"wp","href":"https:\/\/api.w.org\/{rel}","templated":true}]}}