{"id":2718,"date":"2024-03-05T01:30:47","date_gmt":"2024-03-05T01:30:47","guid":{"rendered":"https:\/\/forotf.com\/?page_id=2718"},"modified":"2024-07-12T10:47:40","modified_gmt":"2024-07-12T10:47:40","slug":"politica-de-privacidad","status":"publish","type":"page","link":"https:\/\/forotf.com\/pt\/politica-de-privacidad\/","title":{"rendered":"Pol\u00edtica de privacidade"},"content":{"rendered":"<p><b>1- QUEM \u00c9 O RESPONS\u00c1VEL PELO TRATAMENTO DOS SEUS DADOS PESSOAIS?<\/b><\/p>\n<p>O respons\u00e1vel pelo tratamento dos seus dados pessoais e propriet\u00e1rio do site <a href=\"https:\/\/forotf.com\/pt\/\">https:\/\/forotf.com<\/a> \u00e9 F\u00d3RUM T\u00c9CNICO DE TREINAMENTO, SL. Sociedade Comercial com sede em Cl Sabino De Arana Num.10-12 P.1 Pta.1 08028 \u2013 Barcelona e com CIF B62269303, inscrita na Conservat\u00f3ria do Registo Comercial de Barcelona T 35745, F 150, S 8, HB 214614, I\/A 13 (doravante F\u00d3RUM)<\/p>\n<p>FORO T\u00c9CNICO DE FORMA\u00c7\u00c3O, SL com CIF B62269303<br \/>\nF\u00d3RUM T\u00c9CNICO DE FORMA\u00c7\u00c3O MADRID, SL com CIF B64226178<br \/>\nATEN\u00c7\u00c3O INTEGRAL A LA FORMACION, SL com CIF B63768279<br \/>\nINSTITUTO LECO DE FORMA\u00c7\u00c3O, SL com CIF B64483274<br \/>\nSociedades Comerciais com domic\u00edlio localizado em C\/ Sabino de Arana 10-12, 1\u00ba1\u00aa \u2013 08028 Barcelona,<br \/>\nTel.: +34 902602094<\/p>\n<p>FORO tomou as medidas t\u00e9cnicas e organizacionais necess\u00e1rias para cumprir os regulamentos de prote\u00e7\u00e3o de dados em rela\u00e7\u00e3o aos dados pessoais que processa.<\/p>\n<p>Os dados de contacto do FORO em rela\u00e7\u00e3o \u00e0 prote\u00e7\u00e3o de dados s\u00e3o:<\/p>\n<ul>\n<li>\n+34 915 30 61 38<\/li>\n<li>\nprivacidade@forotf.com<\/li>\n<\/ul>\n<p><b>2- QUE TIPO DE DADOS PESSOAIS TRATAMOS E PARA QUE FINALIDADE?\u00a0<\/b><\/p>\n<p>Os dados que recolhemos, a forma como os obtemos e a finalidade do tratamento s\u00e3o os seguintes:<\/p>\n<ol>\n<li style=\"font-weight: 400;\" aria-level=\"1\"><b>Formul\u00e1rios de contacto e\/ou pedido de informa\u00e7\u00f5es:<\/b>\n<ul>\n<li style=\"font-weight: 400;\" aria-level=\"2\">Informa\u00e7\u00f5es necess\u00e1rias: nome, email, telefone<\/li>\n<li style=\"font-weight: 400;\" aria-level=\"2\">Finalidade: responder \u00e0s d\u00favidas e\/ou fornecer informa\u00e7\u00f5es solicitadas pelo Usu\u00e1rio.<\/li>\n<li style=\"font-weight: 400;\" aria-level=\"2\">Legitima\u00e7\u00e3o: consentimento do usu\u00e1rio<\/li>\n<\/ul>\n<\/li>\n<li style=\"font-weight: 400;\" aria-level=\"1\"><b>Alunos fazendo um curso<\/b>:\n<ul>\n<li style=\"font-weight: 400;\" aria-level=\"2\">Dados obrigat\u00f3rios: nome e sobrenome, email<\/li>\n<li style=\"font-weight: 400;\" aria-level=\"2\">Objetivo: gerenciamento de curso<\/li>\n<li style=\"font-weight: 400;\" aria-level=\"2\">Legitima\u00e7\u00e3o: consentimento do usu\u00e1rio<\/li>\n<\/ul>\n<\/li>\n<\/ol>\n<ul>\n<li aria-level=\"1\"><b>Professores<\/b><\/li>\n<li style=\"font-weight: 400;\" aria-level=\"3\">Dados obrigat\u00f3rios: nome e apelido, email, CV<\/li>\n<li style=\"font-weight: 400;\" aria-level=\"3\">Objetivo: certifica\u00e7\u00e3o e contrata\u00e7\u00e3o<\/li>\n<li style=\"font-weight: 400;\" aria-level=\"3\">Legitima\u00e7\u00e3o: consentimento do interessado. Rela\u00e7\u00e3o contratual<\/li>\n<li aria-level=\"1\"><b>Fornecedores\u00a0\u00a0<\/b><\/li>\n<\/ul>\n<ul>\n<li style=\"font-weight: 400;\" aria-level=\"3\">Dados obrigat\u00f3rios: nome e sobrenome, email<\/li>\n<li style=\"font-weight: 400;\" aria-level=\"3\">Objetivo: recrutamento<\/li>\n<li style=\"font-weight: 400;\" aria-level=\"3\">Legitima\u00e7\u00e3o: Rela\u00e7\u00e3o contratual<\/li>\n<\/ul>\n<ul>\n<li aria-level=\"1\"><b>\u00a0Funcion\u00e1rios\u00a0<\/b><\/li>\n<\/ul>\n<ul>\n<li style=\"font-weight: 400;\" aria-level=\"3\">Dados obrigat\u00f3rios: nome e sobrenome, email, endere\u00e7o, n\u00famero SS, CV.<\/li>\n<li style=\"font-weight: 400;\" aria-level=\"3\">Objetivo: contrata\u00e7\u00e3o e gest\u00e3o de RH da empresa<\/li>\n<li style=\"font-weight: 400;\" aria-level=\"3\">Legitima\u00e7\u00e3o: Rela\u00e7\u00e3o contratual<\/li>\n<\/ul>\n<ol>\n<li style=\"font-weight: 400;\" aria-level=\"1\"><b>Realizar a rela\u00e7\u00e3o contratual e os procedimentos administrativos, fiscais e cont\u00e1beis <\/b>an\u00e1logas e que s\u00e3o necess\u00e1rias ao abrigo da legisla\u00e7\u00e3o em vigor\n<ul>\n<li style=\"font-weight: 400;\" aria-level=\"2\">Dados necess\u00e1rios: nome e sobrenome, telefone, endere\u00e7o, RG, e-mail, assinatura<\/li>\n<li style=\"font-weight: 400;\" aria-level=\"2\">Finalidade: realizar a gest\u00e3o comercial fiscal e administrativa interna<\/li>\n<li style=\"font-weight: 400;\" aria-level=\"2\">Legitima\u00e7\u00e3o: Consentimento do interessado e rela\u00e7\u00e3o contratual<\/li>\n<\/ul>\n<\/li>\n<\/ol>\n<p>1-Tipos de dados pessoais que tratamos<\/p>\n<p>Por raz\u00f5es de confidencialidade, recolhemos o m\u00ednimo de dados poss\u00edvel das pessoas com quem lidamos, especialmente dos nossos clientes, para al\u00e9m daqueles que nos fornecem voluntariamente ou daqueles que a Lei nos obriga a recolher e reter.<\/p>\n<p>Podemos coletar e processar as seguintes categorias de dados pessoais:<\/p>\n<ol>\n<li>Em rela\u00e7\u00e3o aos nossos clientes, nome, cargo, sexo, n\u00famero de identifica\u00e7\u00e3o do interessado ou do seu representante, dados de pagamento. Dados da seguran\u00e7a social para processar b\u00f4nus.<\/li>\n<li>Seus dados de contato, n\u00famero de telefone, seu endere\u00e7o de e-mail.<\/li>\n<li>No caso dos nossos colaboradores, dados de identifica\u00e7\u00e3o, dados de seguran\u00e7a social, dados banc\u00e1rios e tudo o que for necess\u00e1rio ao desenvolvimento da rela\u00e7\u00e3o laboral.<\/li>\n<li>Dados sobre nossos alunos, dados de contato, e-mail e dados de notas dos cursos realizados.<\/li>\n<li>Dados de identifica\u00e7\u00e3o dos nossos fornecedores e das suas pessoas de contacto, caso sejam empresas.<\/li>\n<li>Imagens captadas nos cursos ou eventos que realizamos nos nossos estabelecimentos, se aplic\u00e1vel.<\/li>\n<li>Informa\u00e7\u00f5es coletadas quando voc\u00ea usa nosso site e outras m\u00eddias digitais, quando aplic\u00e1vel.<\/li>\n<\/ol>\n<p>Quando voc\u00ea usa nosso site, podemos registrar seu endere\u00e7o IP, tipo de navegador, sistema operacional, site de refer\u00eancia e comportamento de navega\u00e7\u00e3o na web.<\/p>\n<p>2-Os seus dados pessoais ser\u00e3o utilizados apenas para as seguintes finalidades:<\/p>\n<ol>\n<li>Cadastre voc\u00ea em nosso banco de dados caso entre em contato conosco para solicitar informa\u00e7\u00f5es ou se realizar algum curso.<\/li>\n<li>Realizar os tr\u00e2mites comerciais e administrativos necess\u00e1rios junto aos usu\u00e1rios do nosso site e aos nossos clientes e alunos.<\/li>\n<li>Na FORO tratamos a informa\u00e7\u00e3o que nos fornece para responder ao pedido de informa\u00e7\u00e3o que nos envia, fornecer-lhe informa\u00e7\u00e3o sobre os nossos cursos ou servi\u00e7os, gerir interna e externamente os seus cursos ou a presta\u00e7\u00e3o dos nossos servi\u00e7os, bem como como as compras que realizamos aos nossos fornecedores, bem como cumprir as obriga\u00e7\u00f5es legais decorrentes de tais atividades.<\/li>\n<li>Comunicar consigo para responder \u00e0s suas d\u00favidas e processar as suas reclama\u00e7\u00f5es ou obter a sua opini\u00e3o sobre a qualidade dos nossos cursos ou dos nossos servi\u00e7os ou do tratamento recebido.<\/li>\n<li>Gravar as imagens captadas nos eventos em que participa e a sua utiliza\u00e7\u00e3o para fins publicit\u00e1rios ou de divulga\u00e7\u00e3o junto dos nossos clientes.<\/li>\n<li>Da mesma forma, os dados que possam ser recolhidos durante a sua navega\u00e7\u00e3o ser\u00e3o tratados com o objetivo de fornecer acesso ao conte\u00fado online do site, bem como responder \u00e0s solicita\u00e7\u00f5es dos utilizadores do site, mantendo um registo estat\u00edstico das visitas (endere\u00e7os IP, navegador dados, pa\u00eds, p\u00e1gina acedida, etc.) para nos ajudar a desenvolver melhores servi\u00e7os e produtos, otimizar a nossa oferta e prestar um servi\u00e7o ao cliente mais eficaz e melhorar o design e o conte\u00fado dos nossos websites.<\/li>\n<li>Os dados dos nossos clientes e fornecedores ser\u00e3o tratados, no \u00e2mbito da rela\u00e7\u00e3o contratual que os vincula connosco, no cumprimento das obriga\u00e7\u00f5es administrativas, fiscais, contabil\u00edsticas e, se for caso disso, no cumprimento da legisla\u00e7\u00e3o de seguran\u00e7a do cidad\u00e3o.<\/li>\n<\/ol>\n<p>De acordo com a LSSICE, informamos que o FORO n\u00e3o pratica SPAM, portanto, n\u00e3o envia e-mails comerciais por e-mail se n\u00e3o tiver a legitimidade necess\u00e1ria. Em qualquer caso, ter\u00e1 sempre a possibilidade de retirar o seu consentimento para receber as nossas comunica\u00e7\u00f5es.<\/p>\n<p>N\u00e3o processaremos seus dados pessoais para nenhuma outra finalidade que n\u00e3o as descritas nesta Pol\u00edtica, salvo obriga\u00e7\u00e3o legal ou exig\u00eancia judicial.<\/p>\n<p>Os seus dados pessoais n\u00e3o ser\u00e3o sujeitos a decis\u00f5es baseadas em tratamentos automatizados que produzam efeitos sobre si.<\/p>\n<p><b>3- QUAL A BASE JUR\u00cdDICA QUE LEGITIMA O TRATAMENTO DOS SEUS DADOS?<\/b><\/p>\n<p>A base legal que legitima o tratamento dos seus dados pessoais \u00e9 o seu consentimento expresso concedido para a realiza\u00e7\u00e3o das finalidades acima descritas, o qual ser\u00e1 solicitado no momento em que nos solicitar informa\u00e7\u00f5es.<\/p>\n<p>Caso ocorra uma rela\u00e7\u00e3o comercial entre voc\u00ea, seja como cliente, estudante, fornecedor ou como funcion\u00e1rio, e a FORO, a base legal que legitimar\u00e1 o tratamento dos seus dados pessoais ser\u00e1 a execu\u00e7\u00e3o da rela\u00e7\u00e3o contratual que ter\u00e1 gerados, bem como, se for caso disso, o cumprimento das correspondentes obriga\u00e7\u00f5es legais e necessidades de informa\u00e7\u00e3o.<\/p>\n<p>A base legal que legitima o tratamento das imagens captadas durante os nossos eventos e dos quais voc\u00ea participa ser\u00e1 o nosso interesse leg\u00edtimo e o seu consentimento expresso para public\u00e1-lo.<\/p>\n<p>A base jur\u00eddica que legitima a transfer\u00eancia dos seus dados pessoais para autoridades ou organiza\u00e7\u00f5es p\u00fablicas \u00e9 o cumprimento da regulamenta\u00e7\u00e3o em vigor.<\/p>\n<p><b>4- PER\u00cdODO DE CONSERVA\u00c7\u00c3O Durante quanto tempo conservaremos os seus dados?<\/b><\/p>\n<p>Os dados pessoais que voc\u00ea nos fornecer ser\u00e3o mantidos pelo tempo necess\u00e1rio para gerenciar as informa\u00e7\u00f5es que voc\u00ea solicitar, bem como para gerenciar os cursos realizados por nossos clientes ou alunos, bem como para o cumprimento de qualquer contrato gerado entre o FORO e terceiros.<\/p>\n<p>Assim que os dados atenderem \u00e0s necessidades para as quais foram coletados, iremos exclu\u00ed-los permanentemente. No entanto, conservaremos os seus dados por mais tempo se necess\u00e1rio para cumprir obriga\u00e7\u00f5es legais. Da mesma forma, pode ser necess\u00e1rio mant\u00ea-los pelo tempo necess\u00e1rio para que expirem as responsabilidades legais decorrentes.<\/p>\n<p>Os dados que voc\u00ea nos fornecer para iniciar um processo de sele\u00e7\u00e3o de pessoal no FORO ser\u00e3o mantidos pelo per\u00edodo m\u00e1ximo de um ano. Posteriormente, caso n\u00e3o tenha aderido ao F\u00d3RUM e n\u00e3o fa\u00e7a parte de processo seletivo, ser\u00e1 exclu\u00eddo e n\u00e3o guardaremos c\u00f3pia.<\/p>\n<p>Os dados pessoais dos nossos trabalhadores ser\u00e3o conservados enquanto durar a sua rela\u00e7\u00e3o laboral com a FORO e, posteriormente, durante os prazos legalmente estipulados.<\/p>\n<p><b>5- A QUAIS DESTINAT\u00c1RIOS SER\u00c3O COMUNICADOS OS SEUS DADOS?<\/b><\/p>\n<p>Dentro da nossa organiza\u00e7\u00e3o, os seus dados pessoais ser\u00e3o tratados por pessoal devidamente autorizado e, se necess\u00e1rio ou pr\u00e1tico para cumprir as finalidades acima indicadas, poder\u00e3o ser tratados por terceiros.<\/p>\n<p>As categorias de destinat\u00e1rios a quem os seus dados pessoais poder\u00e3o ser comunicados s\u00e3o as seguintes:<\/p>\n<ol>\n<li style=\"font-weight: 400;\" aria-level=\"2\">FORO T\u00c9CNICO DE FORMACI\u00d3N, SL ATENCI\u00d3N INTEGRAL A LA FORMACI\u00d3N, SL INSTITUTO LECO DE FORMACI\u00d3N, SL FORO T\u00c9CNICO DE FORMACI\u00d3N MADRID, SL, empresas do Grupo Foro com as quais se partilha a gest\u00e3o, administra\u00e7\u00e3o e gest\u00e3o, para fins organizacionais, administrativos e de gest\u00e3o.<\/li>\n<li style=\"font-weight: 400;\" aria-level=\"2\">Terceiros nomeados como processadores de dados, tais como fornecedores de TI, consultores e consultores e outras empresas que prestam servi\u00e7os auxiliares. Em certos casos, poderemos transferir os seus dados para uma empresa de tecnologia sediada nos EUA, mas a FORO garante a seguran\u00e7a e legalidade destas transmiss\u00f5es porque, em qualquer caso, estas empresas aderiram aos protocolos de aprova\u00e7\u00e3o correspondentes com os regulamentos europeus para a prote\u00e7\u00e3o de dados.<\/li>\n<li style=\"font-weight: 400;\" aria-level=\"2\">Entidades e organiza\u00e7\u00f5es p\u00fablicas, exclusivamente para efeitos de cumprimento das correspondentes obriga\u00e7\u00f5es legais.<\/li>\n<li style=\"font-weight: 400;\" aria-level=\"2\">Outros prestadores para os quais, se for caso disso, os seus dados pessoais poder\u00e3o ser transferidos para institui\u00e7\u00f5es financeiras, prestadores de servi\u00e7os de dete\u00e7\u00e3o de fraude, etc., se for o caso.<\/li>\n<li style=\"font-weight: 400;\" aria-level=\"2\">Empresa de gerenciamento de videovigil\u00e2ncia.<\/li>\n<\/ol>\n<p>Em qualquer caso, todos os terceiros acima mencionados ter\u00e3o assinado previamente o correspondente compromisso de confidencialidade seguindo as nossas instru\u00e7\u00f5es de acordo com a regulamenta\u00e7\u00e3o em vigor em mat\u00e9ria de protec\u00e7\u00e3o de dados pessoais, estar\u00e3o sujeitos ao dever de sigilo profissional ou agir\u00e3o em cumprimento de uma obriga\u00e7\u00e3o legal.<\/p>\n<p>As informa\u00e7\u00f5es que voc\u00ea nos fornecer atrav\u00e9s deste site ser\u00e3o hospedadas nos servidores FORO.<\/p>\n<p><b>6.- QUAIS S\u00c3O OS SEUS DIREITOS QUANDO NOS FORNECE OS SEUS DADOS?<\/b><\/p>\n<p>Se desejar exercer os direitos que lhe s\u00e3o concedidos pela legisla\u00e7\u00e3o de prote\u00e7\u00e3o de dados, envie-nos um email para o seguinte endere\u00e7o <a href=\"mailto:privacidad@forotf.com\">privacidade@forotf.com<\/a> \u00a0indicando na mat\u00e9ria o direito que pretende exercer e anexando c\u00f3pia do seu documento de identidade nacional ou passaporte.<\/p>\n<p>Os Direitos que a regulamenta\u00e7\u00e3o em vigor reconhece e que, se for caso disso, pode exercer s\u00e3o:<\/p>\n<p>Direito de acesso aos dados:<\/p>\n<p>Tem o direito de ser informado pelo FORO se os seus dados pessoais est\u00e3o ou n\u00e3o a ser tratados e, se o tratamento for confirmado, permitir\u00e1 o seu acesso, fornecendo-lhe as seguintes informa\u00e7\u00f5es:<\/p>\n<p>-Os objetivos do tratamento.<\/p>\n<p>-As categorias de dados em quest\u00e3o.<\/p>\n<p>-O prazo ou crit\u00e9rio de conserva\u00e7\u00e3o dos dados.<\/p>\n<p>Direito \u00e0 retifica\u00e7\u00e3o dos dados:<\/p>\n<p>Voc\u00ea ter\u00e1 o direito de que a FORO retifique seus dados quando estes estiverem imprecisos ou incompletos por meio de uma declara\u00e7\u00e3o corretiva adicional.<\/p>\n<p>Direito \u00e0 elimina\u00e7\u00e3o dos dados:<\/p>\n<p>O interessado ter\u00e1 direito ao FORO de eliminar os seus dados, quando:<\/p>\n<p>-O tratamento \u00e9 il\u00edcito.<\/p>\n<p>-O interessado retirou o seu consentimento.<\/p>\n<p>-Eles n\u00e3o s\u00e3o mais necess\u00e1rios em rela\u00e7\u00e3o aos fins para os quais foram coletados ou processados.<\/p>\n<p>-O interessado exerceu o direito de oposi\u00e7\u00e3o e n\u00e3o prevalecem outros motivos leg\u00edtimos para o tratamento.<\/p>\n<p>-Os dados devem ser eliminados para cumprir uma obriga\u00e7\u00e3o legal do FORO.<\/p>\n<p>O interessado n\u00e3o ter\u00e1 direito ao FORO de eliminar os seus dados quando o tratamento for necess\u00e1rio:<\/p>\n<p>-Exercer o direito \u00e0 liberdade de express\u00e3o e informa\u00e7\u00e3o.<\/p>\n<p>-Para cumprir uma obriga\u00e7\u00e3o legal do FORUM.<\/p>\n<p>-Para a formula\u00e7\u00e3o, exerc\u00edcio ou defesa de reclama\u00e7\u00f5es.<\/p>\n<p>-Para interesse p\u00fablico com base na legisla\u00e7\u00e3o em vigor por raz\u00f5es de sa\u00fade p\u00fablica ou para efeitos de investiga\u00e7\u00e3o hist\u00f3rica, estat\u00edstica ou cient\u00edfica.<\/p>\n<p>Direito \u00e0 Portabilidade dos Dados:<\/p>\n<p>Tem o direito de a FORO transmitir os seus dados a outro respons\u00e1vel pelo tratamento ou ao mesmo interessado, atrav\u00e9s de um formato estruturado, de uso corrente e de leitura autom\u00e1tica, quando o tratamento for realizado por meios automatizados e se basear em:<\/p>\n<p>-O consentimento do interessado para fins espec\u00edficos.<\/p>\n<p>-A execu\u00e7\u00e3o de contrato ou pr\u00e9-contrato com o interessado.<\/p>\n<p>O direito \u00e0 portabilidade dos dados n\u00e3o se aplica quando:<\/p>\n<p>-A transmiss\u00e3o \u00e9 tecnicamente imposs\u00edvel.<\/p>\n<p>-Pode afetar negativamente os direitos e liberdades de terceiros.<\/p>\n<p>-O tratamento tem miss\u00e3o de interesse p\u00fablico baseada na legisla\u00e7\u00e3o vigente.<\/p>\n<p>Direito \u00e0 limita\u00e7\u00e3o do tratamento:<\/p>\n<p>O interessado ter\u00e1 o direito de se opor ao tratamento dos seus dados efetuado pela FORO por motivos relacionados com a sua situa\u00e7\u00e3o particular, quando o tratamento se basear em:<\/p>\n<p>-Marketing direto.<\/p>\n<p>-Perfil.<\/p>\n<p>-Interesse leg\u00edtimo do respons\u00e1vel ou de terceiros, desde que n\u00e3o prevale\u00e7am os interesses ou direitos e liberdades do interessado, especialmente se for crian\u00e7a.<\/p>\n<p>-Pesquisas hist\u00f3ricas, estat\u00edsticas ou cient\u00edficas, salvo se o tratamento for necess\u00e1rio por raz\u00f5es de interesse p\u00fablico.<\/p>\n<p>Mesmo que o interessado se oponha ao tratamento dos seus dados, a FORO poder\u00e1 continuar a trat\u00e1-los desde que o seu interesse leg\u00edtimo prevale\u00e7a sobre os interesses ou direitos e liberdades do interessado num procedimento judicial que o justifique.<\/p>\n<p>O FORO dever\u00e1 informar o interessado do direito de se opor ao tratamento dos seus dados de forma expl\u00edcita, clara e separada de qualquer outra informa\u00e7\u00e3o, no momento da primeira comunica\u00e7\u00e3o.<\/p>\n<p>Direito de oposi\u00e7\u00e3o:<\/p>\n<p>\u00c9 o direito de n\u00e3o realizar o seu tratamento ou de o fazer cessar quando o seu consentimento para o tratamento n\u00e3o for necess\u00e1rio, devido ao concurso de um motivo leg\u00edtimo e fundado, referente \u00e0 sua situa\u00e7\u00e3o pessoal espec\u00edfica, que o justifique. , e desde que a Lei n\u00e3o disponha o contr\u00e1rio.<\/p>\n<p>Direito de n\u00e3o ser submetido a perfis:<\/p>\n<p>O interessado ter\u00e1 o direito de n\u00e3o ser sujeito a perfis cuja finalidade seja a tomada de decis\u00f5es individuais com base no tratamento automatizado de dados e que vise avaliar, analisar ou prever os seguintes aspectos pessoais:<\/p>\n<p>-Desempenho profissional.<\/p>\n<p>-Situa\u00e7\u00e3o econ\u00f4mica.<\/p>\n<p>-Sa\u00fade.<\/p>\n<p>-Prefer\u00eancias ou interesses pessoais.<\/p>\n<p>-Confiabilidade.<\/p>\n<p>-Comportamento.<\/p>\n<p>-Localiza\u00e7\u00e3o ou movimentos da pessoa.<\/p>\n<p>Quando a cria\u00e7\u00e3o de perfil se baseia exclusivamente no processamento automatizado:<\/p>\n<p>-O interessado ter\u00e1 o direito de ser informado se a decis\u00e3o que vier a tomar possa produzir efeitos jur\u00eddicos que o afetem significativamente.<\/p>\n<p>-O interessado ter\u00e1 o direito de obter a interven\u00e7\u00e3o humana do FORO, de expressar o seu ponto de vista e de contestar a decis\u00e3o, se o tratamento tiver sido autorizado por:<\/p>\n<p>-O consentimento expl\u00edcito do interessado.<\/p>\n<p>-Um contrato entre o FORO e o interessado.<\/p>\n<p>N\u00e3o se aplicar\u00e1 ao direito de n\u00e3o estar sujeito \u00e0 defini\u00e7\u00e3o de perfis quando a decis\u00e3o que possa ser tomada em consequ\u00eancia da mesma for autorizada por:<\/p>\n<p>-O consentimento expl\u00edcito do interessado.<\/p>\n<p>-Um contrato entre o FORO e o interessado.<\/p>\n<p>-Um tratamento baseado na legisla\u00e7\u00e3o vigente.<\/p>\n<p><b>7-REIVINDICA\u00c7\u00c3O PERANTE A AUTORIDADE DE CONTROLE:<\/b><\/p>\n<p>Caso voc\u00ea considere que o FORO violou algum dos seus direitos protegidos pelos regulamentos de prote\u00e7\u00e3o de dados pessoais ou que violou qualquer obriga\u00e7\u00e3o relativa \u00e0 prote\u00e7\u00e3o de Dados Pessoais, voc\u00ea tem o direito de registrar uma reclama\u00e7\u00e3o junto \u00e0 autoridade de controle competente. Espanha \u00e9 a Ag\u00eancia Espanhola de Prote\u00e7\u00e3o de Dados localizada na Calle Jorge Juan, 6. 28001 \u2013 Madrid.<\/p>\n<p>Tel. 901 100 099 \u2013 912 663 517<\/p>\n<p>Voc\u00ea tamb\u00e9m pode enviar uma reclama\u00e7\u00e3o eletr\u00f4nica por meio do escrit\u00f3rio eletr\u00f4nico dispon\u00edvel em seu site. <a href=\"https:\/\/www.aepd.es\/\" target=\"_blank\" rel=\"noopener noreferrer nofollow\">https:\/\/www.aepd.es<\/a><\/p>\n<p><b>8-LEGISLA\u00c7\u00c3O E JURISDI\u00c7\u00c3O<\/b><\/p>\n<p>Esta pol\u00edtica de privacidade \u00e9 regida em todos e cada um dos seus extremos pelo Regulamento (UE) 2016\/679 do Parlamento Europeu e do Conselho, de 27 de abril de 2016, relativo \u00e0 prote\u00e7\u00e3o das pessoas singulares no que diz respeito ao tratamento de dados pessoais e a livre circula\u00e7\u00e3o desses dados.<\/p>\n<p>Rege-se tamb\u00e9m pela Lei Org\u00e2nica 3\/2018, de 5 de dezembro, sobre Prote\u00e7\u00e3o de Dados Pessoais e garantia de direitos digitais. Da mesma forma, o nosso site rege-se pela Lei 34\/2002, de 11 de julho, sobre servi\u00e7os da sociedade da informa\u00e7\u00e3o e com\u00e9rcio eletr\u00f3nico.<\/p>\n<p>Os Utilizadores deste Site est\u00e3o sujeitos \u00e0 legisla\u00e7\u00e3o espanhola e \u00e0 jurisdi\u00e7\u00e3o a que se submetem expressamente, sendo os Tribunais e Tribunais de BARCELONA competentes para resolver todos os conflitos decorrentes ou relacionados com a sua utiliza\u00e7\u00e3o.<\/p>\n<p><b>9- INFORMA\u00c7\u00d5ES ADICIONAIS\u00a0<\/b><\/p>\n<p><b>MEDIDAS DE SEGURAN\u00c7A:<\/b><\/p>\n<p>Os dados que voc\u00ea nos fornecer ser\u00e3o tratados de forma confidencial. O FORO adotou todas as medidas t\u00e9cnicas e organizacionais e todos os n\u00edveis de prote\u00e7\u00e3o necess\u00e1rios para garantir a seguran\u00e7a no tratamento dos dados e evitar a sua altera\u00e7\u00e3o, perda, roubo, tratamento ou acesso n\u00e3o autorizado, de acordo com o estado da tecnologia e a natureza dos armazenados. dados. Da mesma forma, tamb\u00e9m \u00e9 garantido que o tratamento e registo em arquivos, programas, sistemas ou equipamentos, instala\u00e7\u00f5es e centros cumprem os requisitos e condi\u00e7\u00f5es de integridade e seguran\u00e7a estabelecidos na regulamenta\u00e7\u00e3o em vigor.<\/p>\n<p><b>CERTIFICADO SSL (CAMADA DE SOCKETS SEGUROS)<\/b><\/p>\n<p>O CERTIFICADO SSL proporciona autentica\u00e7\u00e3o, privacidade e seguran\u00e7a das informa\u00e7\u00f5es entre o FORUM e o usu\u00e1rio. O FORO possui um certificado de seguran\u00e7a que serve para fazer conex\u00f5es seguras e \u00e9 estabelecido por meio de chaves pr\u00e9-estabelecidas, codificando e decodificando todos os dados enviados at\u00e9 que a conex\u00e3o seja encerrada.<\/p>\n<p><b>REDES SOCIAIS<\/b><\/p>\n<p>Informamos que o FORO poder\u00e1 estar presente nas redes sociais. O tratamento de dados realizado sobre pessoas que se tornem seguidores nas redes sociais (e\/ou realizem qualquer a\u00e7\u00e3o de link ou conex\u00e3o atrav\u00e9s das redes sociais) das p\u00e1ginas oficiais do FORO ser\u00e1 regido por esta se\u00e7\u00e3o, bem como por essas condi\u00e7\u00f5es de uso. , pol\u00edticas de privacidade e regulamentos de acesso pr\u00f3prios da rede social aplic\u00e1veis em cada caso e previamente aceites pelo utilizador.<\/p>\n<p>A FORO tratar\u00e1 os seus dados com a finalidade de gerir corretamente a sua presen\u00e7a na rede social, informando sobre as atividades, produtos ou servi\u00e7os do fornecedor, bem como para qualquer outra finalidade que a regulamenta\u00e7\u00e3o das Redes Sociais permita.<\/p>\n<p>\u00c9 proibida a publica\u00e7\u00e3o de conte\u00fado:<\/p>\n<p>\u2013 Que sejam alegadamente ilegais pela regulamenta\u00e7\u00e3o nacional, comunit\u00e1ria ou internacional ou que realizem atividades alegadamente ilegais ou que violem os princ\u00edpios da boa-f\u00e9.<\/p>\n<p>Que violem os direitos fundamentais das pessoas, faltem cortesia na Internet, incomodem ou possam gerar opini\u00f5es negativas nos nossos usu\u00e1rios ou terceiros e em geral qualquer conte\u00fado que o FORO considere impr\u00f3prio.<\/p>\n<p>\u2013 E em geral que contrariem os princ\u00edpios da legalidade, da honestidade, da responsabilidade, da protec\u00e7\u00e3o da dignidade humana, da protec\u00e7\u00e3o dos menores, da protec\u00e7\u00e3o da ordem p\u00fablica, da protec\u00e7\u00e3o da vida privada, da defesa do consumidor e dos direitos de propriedade intelectual e industrial.<\/p>\n<p>Da mesma forma, FORO reserva-se o direito de retirar, sem aviso pr\u00e9vio, do site ou da rede social corporativa os conte\u00fados que sejam considerados inadequados.<\/p>\n<p>Em qualquer caso, se enviar informa\u00e7\u00f5es pessoais atrav\u00e9s da rede social, o FORO ficar\u00e1 isento de responsabilidade relativamente \u00e0s medidas de seguran\u00e7a aplic\u00e1veis a esta plataforma e o utilizador, caso pretenda conhec\u00ea-las, dever\u00e1 consultar as correspondentes condi\u00e7\u00f5es particulares da. rede em quest\u00e3o.<\/p>\n<p><b>LINGUAGEM<\/b><\/p>\n<p>O idioma aplic\u00e1vel a esta Pol\u00edtica de Privacidade \u00e9 o espanhol. Portanto, em caso de qualquer contradi\u00e7\u00e3o, em qualquer uma das vers\u00f5es disponibilizadas em outros idiomas, prevalecer\u00e1 a vers\u00e3o em espanhol.<\/p>\n<p><b>10-ATUALIZA\u00c7\u00c3O<\/b><\/p>\n<p>Esta Pol\u00edtica de Privacidade foi atualizada pela \u00faltima vez em <b>Fevereiro de 2024<\/b> mas pode ser atualizado a qualquer momento. Recomendamos que voc\u00ea o consulte sempre que acessar nossa p\u00e1gina caso ela tenha sido alterada.<\/p>","protected":false},"excerpt":{"rendered":"<p>1- QUEM \u00c9 O RESPONS\u00c1VEL PELO TRATAMENTO DOS SEUS DADOS PESSOAIS? O respons\u00e1vel pelo tratamento dos seus dados pessoais e propriet\u00e1rio do site https:\/\/forotf.com \u00e9 FORO TECNICO DE FORMACI\u00d3N, SL. Sociedade Comercial com sede em Cl Sabino De Arana Num.10-12 P.1 Pta.1 08028 \u2013 Barcelona e com CIF B62269303 est\u00e1 registada na [\u2026]<\/p>","protected":false},"author":2,"featured_media":0,"parent":0,"menu_order":0,"comment_status":"closed","ping_status":"closed","template":"","meta":{"footnotes":""},"class_list":["post-2718","page","type-page","status-publish","hentry"],"pp_statuses_selecting_workflow":false,"pp_workflow_action":"current","pp_status_selection":"publish","yoast_head":"<!-- This site is optimized with the Yoast SEO plugin v27.5 - https:\/\/yoast.com\/product\/yoast-seo-wordpress\/ -->\n<title>Pol\u00edtica de privacidad | Foro T\u00e9cnico de Formaci\u00f3n<\/title>\n<meta name=\"robots\" content=\"index, follow, max-snippet:-1, max-image-preview:large, max-video-preview:-1\" \/>\n<link rel=\"canonical\" href=\"https:\/\/forotf.com\/pt\/politica-de-privacidad\/\" \/>\n<meta property=\"og:locale\" content=\"pt_BR\" \/>\n<meta property=\"og:type\" content=\"article\" \/>\n<meta property=\"og:title\" content=\"Pol\u00edtica de privacidad | Foro T\u00e9cnico de Formaci\u00f3n\" \/>\n<meta property=\"og:description\" content=\"1- \u00bfQUI\u00c9N ES EL RESPONSABLE DEL TRATAMIENTO DE SUS DATOS PERSONALES? El responsable del tratamiento de sus datos personales y titular de la p\u00e1gina web https:\/\/forotf.com es FORO TECNICO DE FORMACI\u00d3N, SL. Sociedad Mercantil con domicilio social Cl Sabino De Arana Num.10-12 P.1 Pta.1 08028 &#8211; Barcelona y con CIF B62269303 consta inscrita en el [&hellip;]\" \/>\n<meta property=\"og:url\" content=\"https:\/\/forotf.com\/pt\/politica-de-privacidad\/\" \/>\n<meta property=\"og:site_name\" content=\"Foro T\u00e9cnico de Formaci\u00f3n\" \/>\n<meta property=\"article:publisher\" content=\"https:\/\/es-es.facebook.com\/forotf\/\" \/>\n<meta property=\"article:modified_time\" content=\"2024-07-12T10:47:40+00:00\" \/>\n<meta property=\"og:image\" content=\"https:\/\/forotf.com\/wp-content\/uploads\/2024\/02\/Site-Image.webp\" \/>\n\t<meta property=\"og:image:width\" content=\"1200\" \/>\n\t<meta property=\"og:image:height\" content=\"675\" \/>\n\t<meta property=\"og:image:type\" content=\"image\/webp\" \/>\n<meta name=\"twitter:card\" content=\"summary_large_image\" \/>\n<script type=\"application\/ld+json\" class=\"yoast-schema-graph\">{\"@context\":\"https:\\\/\\\/schema.org\",\"@graph\":[{\"@type\":\"WebPage\",\"@id\":\"https:\\\/\\\/forotf.com\\\/pt\\\/politica-de-privacidad\\\/\",\"url\":\"https:\\\/\\\/forotf.com\\\/pt\\\/politica-de-privacidad\\\/\",\"name\":\"Pol\u00edtica de privacidad | Foro T\u00e9cnico de Formaci\u00f3n\",\"isPartOf\":{\"@id\":\"http:\\\/\\\/forotf.com\\\/pt\\\/#website\"},\"datePublished\":\"2024-03-05T01:30:47+00:00\",\"dateModified\":\"2024-07-12T10:47:40+00:00\",\"breadcrumb\":{\"@id\":\"https:\\\/\\\/forotf.com\\\/pt\\\/politica-de-privacidad\\\/#breadcrumb\"},\"inLanguage\":\"pt-BR\",\"potentialAction\":[{\"@type\":\"ReadAction\",\"target\":[\"https:\\\/\\\/forotf.com\\\/pt\\\/politica-de-privacidad\\\/\"]}]},{\"@type\":\"BreadcrumbList\",\"@id\":\"https:\\\/\\\/forotf.com\\\/pt\\\/politica-de-privacidad\\\/#breadcrumb\",\"itemListElement\":[{\"@type\":\"ListItem\",\"position\":1,\"name\":\"Inicio\",\"item\":\"https:\\\/\\\/forotf.com\\\/\"},{\"@type\":\"ListItem\",\"position\":2,\"name\":\"Pol\u00edtica de privacidad\"}]},{\"@type\":\"WebSite\",\"@id\":\"http:\\\/\\\/forotf.com\\\/pt\\\/#website\",\"url\":\"http:\\\/\\\/forotf.com\\\/pt\\\/\",\"name\":\"Foro T\u00e9cnico de Formaci\u00f3n\",\"description\":\"Formaci\u00f3n para Empresas\",\"publisher\":{\"@id\":\"http:\\\/\\\/forotf.com\\\/pt\\\/#organization\"},\"alternateName\":\"FTF\",\"potentialAction\":[{\"@type\":\"SearchAction\",\"target\":{\"@type\":\"EntryPoint\",\"urlTemplate\":\"http:\\\/\\\/forotf.com\\\/pt\\\/?s={search_term_string}\"},\"query-input\":{\"@type\":\"PropertyValueSpecification\",\"valueRequired\":true,\"valueName\":\"search_term_string\"}}],\"inLanguage\":\"pt-BR\"},{\"@type\":\"Organization\",\"@id\":\"http:\\\/\\\/forotf.com\\\/pt\\\/#organization\",\"name\":\"Foro T\u00e9cnico de Formaci\u00f3n\",\"alternateName\":\"FTF\",\"url\":\"http:\\\/\\\/forotf.com\\\/pt\\\/\",\"logo\":{\"@type\":\"ImageObject\",\"inLanguage\":\"pt-BR\",\"@id\":\"http:\\\/\\\/forotf.com\\\/pt\\\/#\\\/schema\\\/logo\\\/image\\\/\",\"url\":\"https:\\\/\\\/forotf.com\\\/wp-content\\\/uploads\\\/2024\\\/02\\\/Oficial-Logo-FTF-Color.svg\",\"contentUrl\":\"https:\\\/\\\/forotf.com\\\/wp-content\\\/uploads\\\/2024\\\/02\\\/Oficial-Logo-FTF-Color.svg\",\"width\":794,\"height\":212,\"caption\":\"Foro T\u00e9cnico de Formaci\u00f3n\"},\"image\":{\"@id\":\"http:\\\/\\\/forotf.com\\\/pt\\\/#\\\/schema\\\/logo\\\/image\\\/\"},\"sameAs\":[\"https:\\\/\\\/es-es.facebook.com\\\/forotf\\\/\",\"https:\\\/\\\/www.instagram.com\\\/ftformacion\\\/?igshid=MWZjMTM2ODFkZg==\",\"https:\\\/\\\/www.linkedin.com\\\/company\\\/foro-tecnico-de-formacion\\\/?originalSubdomain=es\",\"https:\\\/\\\/www.youtube.com\\\/channel\\\/UCTzzsDUdLaZtfAGiP_ipLIg\"]}]}<\/script>\n<!-- \/ Yoast SEO plugin. -->","yoast_head_json":{"title":"Pol\u00edtica de privacidad | Foro T\u00e9cnico de Formaci\u00f3n","robots":{"index":"index","follow":"follow","max-snippet":"max-snippet:-1","max-image-preview":"max-image-preview:large","max-video-preview":"max-video-preview:-1"},"canonical":"https:\/\/forotf.com\/pt\/politica-de-privacidad\/","og_locale":"pt_BR","og_type":"article","og_title":"Pol\u00edtica de privacidad | Foro T\u00e9cnico de Formaci\u00f3n","og_description":"1- \u00bfQUI\u00c9N ES EL RESPONSABLE DEL TRATAMIENTO DE SUS DATOS PERSONALES? El responsable del tratamiento de sus datos personales y titular de la p\u00e1gina web https:\/\/forotf.com es FORO TECNICO DE FORMACI\u00d3N, SL. Sociedad Mercantil con domicilio social Cl Sabino De Arana Num.10-12 P.1 Pta.1 08028 &#8211; Barcelona y con CIF B62269303 consta inscrita en el [&hellip;]","og_url":"https:\/\/forotf.com\/pt\/politica-de-privacidad\/","og_site_name":"Foro T\u00e9cnico de Formaci\u00f3n","article_publisher":"https:\/\/es-es.facebook.com\/forotf\/","article_modified_time":"2024-07-12T10:47:40+00:00","og_image":[{"width":1200,"height":675,"url":"https:\/\/forotf.com\/wp-content\/uploads\/2024\/02\/Site-Image.webp","type":"image\/webp"}],"twitter_card":"summary_large_image","schema":{"@context":"https:\/\/schema.org","@graph":[{"@type":"WebPage","@id":"https:\/\/forotf.com\/pt\/politica-de-privacidad\/","url":"https:\/\/forotf.com\/pt\/politica-de-privacidad\/","name":"Pol\u00edtica de privacidad | Foro T\u00e9cnico de Formaci\u00f3n","isPartOf":{"@id":"http:\/\/forotf.com\/pt\/#website"},"datePublished":"2024-03-05T01:30:47+00:00","dateModified":"2024-07-12T10:47:40+00:00","breadcrumb":{"@id":"https:\/\/forotf.com\/pt\/politica-de-privacidad\/#breadcrumb"},"inLanguage":"pt-BR","potentialAction":[{"@type":"ReadAction","target":["https:\/\/forotf.com\/pt\/politica-de-privacidad\/"]}]},{"@type":"BreadcrumbList","@id":"https:\/\/forotf.com\/pt\/politica-de-privacidad\/#breadcrumb","itemListElement":[{"@type":"ListItem","position":1,"name":"Inicio","item":"https:\/\/forotf.com\/"},{"@type":"ListItem","position":2,"name":"Pol\u00edtica de privacidad"}]},{"@type":"WebSite","@id":"http:\/\/forotf.com\/pt\/#website","url":"http:\/\/forotf.com\/pt\/","name":"F\u00f3rum de Treinamento T\u00e9cnico","description":"Treinamento para Empresas","publisher":{"@id":"http:\/\/forotf.com\/pt\/#organization"},"alternateName":"FTF","potentialAction":[{"@type":"SearchAction","target":{"@type":"EntryPoint","urlTemplate":"http:\/\/forotf.com\/pt\/?s={search_term_string}"},"query-input":{"@type":"PropertyValueSpecification","valueRequired":true,"valueName":"search_term_string"}}],"inLanguage":"pt-BR"},{"@type":"Organization","@id":"http:\/\/forotf.com\/pt\/#organization","name":"F\u00f3rum de Treinamento T\u00e9cnico","alternateName":"FTF","url":"http:\/\/forotf.com\/pt\/","logo":{"@type":"ImageObject","inLanguage":"pt-BR","@id":"http:\/\/forotf.com\/pt\/#\/schema\/logo\/image\/","url":"https:\/\/forotf.com\/wp-content\/uploads\/2024\/02\/Oficial-Logo-FTF-Color.svg","contentUrl":"https:\/\/forotf.com\/wp-content\/uploads\/2024\/02\/Oficial-Logo-FTF-Color.svg","width":794,"height":212,"caption":"Foro T\u00e9cnico de Formaci\u00f3n"},"image":{"@id":"http:\/\/forotf.com\/pt\/#\/schema\/logo\/image\/"},"sameAs":["https:\/\/es-es.facebook.com\/forotf\/","https:\/\/www.instagram.com\/ftformacion\/?igshid=MWZjMTM2ODFkZg==","https:\/\/www.linkedin.com\/company\/foro-tecnico-de-formacion\/?originalSubdomain=es","https:\/\/www.youtube.com\/channel\/UCTzzsDUdLaZtfAGiP_ipLIg"]}]}},"publishpress_future_action":{"enabled":false,"date":"2026-05-06 23:39:11","action":"change-status","newStatus":"draft","terms":[],"taxonomy":"","extraData":[]},"publishpress_future_workflow_manual_trigger":{"enabledWorkflows":[]},"_links":{"self":[{"href":"https:\/\/forotf.com\/pt\/wp-json\/wp\/v2\/pages\/2718","targetHints":{"allow":["GET"]}}],"collection":[{"href":"https:\/\/forotf.com\/pt\/wp-json\/wp\/v2\/pages"}],"about":[{"href":"https:\/\/forotf.com\/pt\/wp-json\/wp\/v2\/types\/page"}],"author":[{"embeddable":true,"href":"https:\/\/forotf.com\/pt\/wp-json\/wp\/v2\/users\/2"}],"replies":[{"embeddable":true,"href":"https:\/\/forotf.com\/pt\/wp-json\/wp\/v2\/comments?post=2718"}],"version-history":[{"count":44,"href":"https:\/\/forotf.com\/pt\/wp-json\/wp\/v2\/pages\/2718\/revisions"}],"predecessor-version":[{"id":5529,"href":"https:\/\/forotf.com\/pt\/wp-json\/wp\/v2\/pages\/2718\/revisions\/5529"}],"wp:attachment":[{"href":"https:\/\/forotf.com\/pt\/wp-json\/wp\/v2\/media?parent=2718"}],"curies":[{"name":"wp","href":"https:\/\/api.w.org\/{rel}","templated":true}]}}