{"id":3317,"date":"2024-03-14T15:14:57","date_gmt":"2024-03-14T15:14:57","guid":{"rendered":"https:\/\/forotf.com\/?post_type=product&#038;p=3317"},"modified":"2025-08-28T10:48:14","modified_gmt":"2025-08-28T10:48:14","slug":"estimulacion-cognitiva-en-la-vejez-y-en-personas-mayores-sad","status":"publish","type":"product","link":"http:\/\/forotf.com\/pt_pt\/curso\/estimulacion-cognitiva-en-la-vejez-y-en-personas-mayores-sad\/","title":{"rendered":"Estimulaci\u00f3n cognitiva en la vejez y en personas mayores SAD"},"content":{"rendered":"<p>\u00a1Explora nuestro curso de \u00abEstimulaci\u00f3n cognitiva en la vejez y en personas mayores SAD\u00bb dise\u00f1ado para potenciar las capacidades mentales de las personas en situaci\u00f3n de dependencia!<\/p>\n<p>Te brindaremos m\u00e9todos y estrategias efectivas para mejorar el rendimiento mental y la eficacia cognitiva en aquellos que necesitan cuidados especiales.<br \/>\nEn este curso adquirir\u00e1s conocimientos detallados sobre el funcionamiento cognitivo b\u00e1sico, profundizando en aspectos clave como la memoria, la atenci\u00f3n y la orientaci\u00f3n. Nos centraremos en los principios neuropsicol\u00f3gicos fundamentales para comprender las demencias, diferenciando entre envejecimiento normal y deterioro cognitivo.<br \/>\nTendr\u00e1s una comprensi\u00f3n profunda de las intervenciones cognitivas, abordando la estimulaci\u00f3n y diferenciando t\u00e9rminos clave. Adem\u00e1s, explorar\u00e1s diversas t\u00e9cnicas de intervenci\u00f3n cognitiva y te sumergir\u00e1s en los principios y t\u00e9cnicas de la intervenci\u00f3n cognitiva, obteniendo habilidades para trabajar con personas mayores y potenciar funciones cognitivas como la memoria.<br \/>\n\u00a1\u00danete a nuestro curso y adquiere las habilidades necesarias para impulsar el bienestar cognitivo de quienes m\u00e1s lo necesitan, brind\u00e1ndoles una atenci\u00f3n integral y efectiva!<\/p>","protected":false},"excerpt":{"rendered":"<div class=\"flex flex-grow flex-col max-w-full\">\n<div class=\"min-h-[20px] text-message flex flex-col items-start gap-3 whitespace-pre-wrap break-words [.text-message+&amp;]:mt-5 overflow-x-auto\" data-message-author-role=\"assistant\" data-message-id=\"027ab201-c899-4740-8013-b3c2855947d1\">\n<div class=\"markdown prose w-full break-words dark:prose-invert dark\">\n<p>Ap\u00fantate a nuestro curso de Estimulaci\u00f3n cognitiva en la vejez y en personas mayores SAD para mejorar el rendimiento mental de las personas residentes.<\/p>\n<p>Aprenda estrat\u00e9gias para melhorar a mem\u00f3ria, aten\u00e7\u00e3o e orienta\u00e7\u00e3o. Explora a dem\u00eancia, interven\u00e7\u00f5es cognitivas e m\u00e9todos para estimular cognitivamente os idosos.<\/p>\n<\/div>\n<p>&nbsp;<\/p>\n<\/div>\n<\/div>","protected":false},"featured_media":3318,"comment_status":"closed","ping_status":"closed","template":"","meta":{"codigo-servicio":"2087-D","costo-gestion":"7.26"},"product_brand":[],"product_cat":[88],"product_tag":[89,93,90,129,92,94],"class_list":{"0":"post-3317","1":"product","2":"type-product","3":"status-publish","4":"has-post-thumbnail","6":"product_cat-programado","7":"product_tag-100-bonificable","8":"product_tag-certificado-de-finalizacion","9":"product_tag-multidispositivo","10":"product_tag-presencial-y-online","11":"product_tag-test-de-evaluacion","12":"product_tag-tutor-acreditado","14":"first","15":"instock","16":"virtual","17":"purchasable","18":"product-type-simple"},"pp_statuses_selecting_workflow":false,"pp_workflow_action":"current","pp_status_selection":"publish","yoast_head":"<!-- This site is optimized with the Yoast SEO plugin v27.5 - https:\/\/yoast.com\/product\/yoast-seo-wordpress\/ -->\n<title>Curso de Estimulaci\u00f3n cognitiva en la vejez y en personas mayores SAD | Foro T\u00e9cnico de Formaci\u00f3n<\/title>\n<meta name=\"description\" content=\"Ap\u00fantate a nuestro curso de Estimulaci\u00f3n cognitiva en la vejez y en personas con demencias para mejorar el rendimiento mental de las personas residentes.\" \/>\n<meta name=\"robots\" content=\"index, follow, max-snippet:-1, max-image-preview:large, max-video-preview:-1\" \/>\n<link rel=\"canonical\" href=\"https:\/\/forotf.com\/pt_pt\/curso\/estimulacion-cognitiva-en-la-vejez-y-en-personas-mayores-sad\/\" \/>\n<meta property=\"og:locale\" content=\"pt_PT\" \/>\n<meta property=\"og:type\" content=\"article\" \/>\n<meta property=\"og:title\" content=\"Curso de Estimulaci\u00f3n cognitiva en la vejez y en personas mayores SAD | Foro T\u00e9cnico de Formaci\u00f3n\" \/>\n<meta property=\"og:description\" content=\"Ap\u00fantate a nuestro curso de Estimulaci\u00f3n cognitiva en la vejez y en personas con demencias para mejorar el rendimiento mental de las personas residentes.\" \/>\n<meta property=\"og:url\" content=\"https:\/\/forotf.com\/pt_pt\/curso\/estimulacion-cognitiva-en-la-vejez-y-en-personas-mayores-sad\/\" \/>\n<meta property=\"og:site_name\" content=\"Foro T\u00e9cnico de Formaci\u00f3n\" \/>\n<meta property=\"article:publisher\" content=\"https:\/\/es-es.facebook.com\/forotf\/\" \/>\n<meta property=\"article:modified_time\" content=\"2025-08-28T10:48:14+00:00\" \/>\n<meta property=\"og:image\" content=\"https:\/\/forotf.com\/wp-content\/uploads\/2024\/03\/Estimulacion-cognitiva-residencias.jpg\" \/>\n\t<meta property=\"og:image:width\" content=\"1000\" \/>\n\t<meta property=\"og:image:height\" content=\"667\" \/>\n\t<meta property=\"og:image:type\" content=\"image\/jpeg\" \/>\n<meta name=\"twitter:card\" content=\"summary_large_image\" \/>\n<script type=\"application\/ld+json\" class=\"yoast-schema-graph\">{\"@context\":\"https:\\\/\\\/schema.org\",\"@graph\":[{\"@type\":\"WebPage\",\"@id\":\"https:\\\/\\\/forotf.com\\\/curso\\\/estimulacion-cognitiva-en-la-vejez-y-en-personas-mayores-sad\\\/\",\"url\":\"https:\\\/\\\/forotf.com\\\/curso\\\/estimulacion-cognitiva-en-la-vejez-y-en-personas-mayores-sad\\\/\",\"name\":\"Curso de Estimulaci\u00f3n cognitiva en la vejez y en personas mayores SAD | Foro T\u00e9cnico de Formaci\u00f3n\",\"isPartOf\":{\"@id\":\"http:\\\/\\\/forotf.com\\\/pt\\\/#website\"},\"primaryImageOfPage\":{\"@id\":\"https:\\\/\\\/forotf.com\\\/curso\\\/estimulacion-cognitiva-en-la-vejez-y-en-personas-mayores-sad\\\/#primaryimage\"},\"image\":{\"@id\":\"https:\\\/\\\/forotf.com\\\/curso\\\/estimulacion-cognitiva-en-la-vejez-y-en-personas-mayores-sad\\\/#primaryimage\"},\"thumbnailUrl\":\"https:\\\/\\\/forotf.com\\\/wp-content\\\/uploads\\\/2024\\\/03\\\/Estimulacion-cognitiva-residencias.jpg\",\"datePublished\":\"2024-03-14T15:14:57+00:00\",\"dateModified\":\"2025-08-28T10:48:14+00:00\",\"description\":\"Ap\u00fantate a nuestro curso de Estimulaci\u00f3n cognitiva en la vejez y en personas con demencias para mejorar el rendimiento mental de las personas residentes.\",\"breadcrumb\":{\"@id\":\"https:\\\/\\\/forotf.com\\\/curso\\\/estimulacion-cognitiva-en-la-vejez-y-en-personas-mayores-sad\\\/#breadcrumb\"},\"inLanguage\":\"pt-PT\",\"potentialAction\":[{\"@type\":\"ReadAction\",\"target\":[\"https:\\\/\\\/forotf.com\\\/curso\\\/estimulacion-cognitiva-en-la-vejez-y-en-personas-mayores-sad\\\/\"]}]},{\"@type\":\"ImageObject\",\"inLanguage\":\"pt-PT\",\"@id\":\"https:\\\/\\\/forotf.com\\\/curso\\\/estimulacion-cognitiva-en-la-vejez-y-en-personas-mayores-sad\\\/#primaryimage\",\"url\":\"https:\\\/\\\/forotf.com\\\/wp-content\\\/uploads\\\/2024\\\/03\\\/Estimulacion-cognitiva-residencias.jpg\",\"contentUrl\":\"https:\\\/\\\/forotf.com\\\/wp-content\\\/uploads\\\/2024\\\/03\\\/Estimulacion-cognitiva-residencias.jpg\",\"width\":1000,\"height\":667},{\"@type\":\"BreadcrumbList\",\"@id\":\"https:\\\/\\\/forotf.com\\\/curso\\\/estimulacion-cognitiva-en-la-vejez-y-en-personas-mayores-sad\\\/#breadcrumb\",\"itemListElement\":[{\"@type\":\"ListItem\",\"position\":1,\"name\":\"Inicio\",\"item\":\"https:\\\/\\\/forotf.com\\\/\"},{\"@type\":\"ListItem\",\"position\":2,\"name\":\"Cursos\",\"item\":\"https:\\\/\\\/forotf.com\\\/cursos\\\/\"},{\"@type\":\"ListItem\",\"position\":3,\"name\":\"Programado\",\"item\":\"http:\\\/\\\/forotf.com\\\/pt\\\/product-category\\\/programado\\\/\"},{\"@type\":\"ListItem\",\"position\":4,\"name\":\"Estimulaci\u00f3n cognitiva en la vejez y en personas mayores SAD\"}]},{\"@type\":\"WebSite\",\"@id\":\"http:\\\/\\\/forotf.com\\\/pt\\\/#website\",\"url\":\"http:\\\/\\\/forotf.com\\\/pt\\\/\",\"name\":\"Foro T\u00e9cnico de Formaci\u00f3n\",\"description\":\"Formaci\u00f3n para Empresas\",\"publisher\":{\"@id\":\"http:\\\/\\\/forotf.com\\\/pt\\\/#organization\"},\"alternateName\":\"FTF\",\"potentialAction\":[{\"@type\":\"SearchAction\",\"target\":{\"@type\":\"EntryPoint\",\"urlTemplate\":\"http:\\\/\\\/forotf.com\\\/pt\\\/?s={search_term_string}\"},\"query-input\":{\"@type\":\"PropertyValueSpecification\",\"valueRequired\":true,\"valueName\":\"search_term_string\"}}],\"inLanguage\":\"pt-PT\"},{\"@type\":\"Organization\",\"@id\":\"http:\\\/\\\/forotf.com\\\/pt\\\/#organization\",\"name\":\"Foro T\u00e9cnico de Formaci\u00f3n\",\"alternateName\":\"FTF\",\"url\":\"http:\\\/\\\/forotf.com\\\/pt\\\/\",\"logo\":{\"@type\":\"ImageObject\",\"inLanguage\":\"pt-PT\",\"@id\":\"http:\\\/\\\/forotf.com\\\/pt\\\/#\\\/schema\\\/logo\\\/image\\\/\",\"url\":\"https:\\\/\\\/forotf.com\\\/wp-content\\\/uploads\\\/2024\\\/02\\\/Oficial-Logo-FTF-Color.svg\",\"contentUrl\":\"https:\\\/\\\/forotf.com\\\/wp-content\\\/uploads\\\/2024\\\/02\\\/Oficial-Logo-FTF-Color.svg\",\"width\":794,\"height\":212,\"caption\":\"Foro T\u00e9cnico de Formaci\u00f3n\"},\"image\":{\"@id\":\"http:\\\/\\\/forotf.com\\\/pt\\\/#\\\/schema\\\/logo\\\/image\\\/\"},\"sameAs\":[\"https:\\\/\\\/es-es.facebook.com\\\/forotf\\\/\",\"https:\\\/\\\/www.instagram.com\\\/ftformacion\\\/?igshid=MWZjMTM2ODFkZg==\",\"https:\\\/\\\/www.linkedin.com\\\/company\\\/foro-tecnico-de-formacion\\\/?originalSubdomain=es\",\"https:\\\/\\\/www.youtube.com\\\/channel\\\/UCTzzsDUdLaZtfAGiP_ipLIg\"]}]}<\/script>\n<!-- \/ Yoast SEO plugin. -->","yoast_head_json":{"title":"Curso de Estimulaci\u00f3n cognitiva en la vejez y en personas mayores SAD | Foro T\u00e9cnico de Formaci\u00f3n","description":"Inscreva-se no nosso curso de Estimula\u00e7\u00e3o Cognitiva na terceira idade e em pessoas com dem\u00eancia para melhorar o desempenho mental dos residentes.","robots":{"index":"index","follow":"follow","max-snippet":"max-snippet:-1","max-image-preview":"max-image-preview:large","max-video-preview":"max-video-preview:-1"},"canonical":"https:\/\/forotf.com\/pt_pt\/curso\/estimulacion-cognitiva-en-la-vejez-y-en-personas-mayores-sad\/","og_locale":"pt_PT","og_type":"article","og_title":"Curso de Estimulaci\u00f3n cognitiva en la vejez y en personas mayores SAD | Foro T\u00e9cnico de Formaci\u00f3n","og_description":"Ap\u00fantate a nuestro curso de Estimulaci\u00f3n cognitiva en la vejez y en personas con demencias para mejorar el rendimiento mental de las personas residentes.","og_url":"https:\/\/forotf.com\/pt_pt\/curso\/estimulacion-cognitiva-en-la-vejez-y-en-personas-mayores-sad\/","og_site_name":"Foro T\u00e9cnico de Formaci\u00f3n","article_publisher":"https:\/\/es-es.facebook.com\/forotf\/","article_modified_time":"2025-08-28T10:48:14+00:00","og_image":[{"width":1000,"height":667,"url":"https:\/\/forotf.com\/wp-content\/uploads\/2024\/03\/Estimulacion-cognitiva-residencias.jpg","type":"image\/jpeg"}],"twitter_card":"summary_large_image","schema":{"@context":"https:\/\/schema.org","@graph":[{"@type":"WebPage","@id":"https:\/\/forotf.com\/curso\/estimulacion-cognitiva-en-la-vejez-y-en-personas-mayores-sad\/","url":"https:\/\/forotf.com\/curso\/estimulacion-cognitiva-en-la-vejez-y-en-personas-mayores-sad\/","name":"Curso de Estimulaci\u00f3n cognitiva en la vejez y en personas mayores SAD | Foro T\u00e9cnico de Formaci\u00f3n","isPartOf":{"@id":"http:\/\/forotf.com\/pt\/#website"},"primaryImageOfPage":{"@id":"https:\/\/forotf.com\/curso\/estimulacion-cognitiva-en-la-vejez-y-en-personas-mayores-sad\/#primaryimage"},"image":{"@id":"https:\/\/forotf.com\/curso\/estimulacion-cognitiva-en-la-vejez-y-en-personas-mayores-sad\/#primaryimage"},"thumbnailUrl":"https:\/\/forotf.com\/wp-content\/uploads\/2024\/03\/Estimulacion-cognitiva-residencias.jpg","datePublished":"2024-03-14T15:14:57+00:00","dateModified":"2025-08-28T10:48:14+00:00","description":"Inscreva-se no nosso curso de Estimula\u00e7\u00e3o Cognitiva na terceira idade e em pessoas com dem\u00eancia para melhorar o desempenho mental dos residentes.","breadcrumb":{"@id":"https:\/\/forotf.com\/curso\/estimulacion-cognitiva-en-la-vejez-y-en-personas-mayores-sad\/#breadcrumb"},"inLanguage":"pt-PT","potentialAction":[{"@type":"ReadAction","target":["https:\/\/forotf.com\/curso\/estimulacion-cognitiva-en-la-vejez-y-en-personas-mayores-sad\/"]}]},{"@type":"ImageObject","inLanguage":"pt-PT","@id":"https:\/\/forotf.com\/curso\/estimulacion-cognitiva-en-la-vejez-y-en-personas-mayores-sad\/#primaryimage","url":"https:\/\/forotf.com\/wp-content\/uploads\/2024\/03\/Estimulacion-cognitiva-residencias.jpg","contentUrl":"https:\/\/forotf.com\/wp-content\/uploads\/2024\/03\/Estimulacion-cognitiva-residencias.jpg","width":1000,"height":667},{"@type":"BreadcrumbList","@id":"https:\/\/forotf.com\/curso\/estimulacion-cognitiva-en-la-vejez-y-en-personas-mayores-sad\/#breadcrumb","itemListElement":[{"@type":"ListItem","position":1,"name":"Inicio","item":"https:\/\/forotf.com\/"},{"@type":"ListItem","position":2,"name":"Cursos","item":"https:\/\/forotf.com\/cursos\/"},{"@type":"ListItem","position":3,"name":"Programado","item":"http:\/\/forotf.com\/pt\/product-category\/programado\/"},{"@type":"ListItem","position":4,"name":"Estimulaci\u00f3n cognitiva en la vejez y en personas mayores SAD"}]},{"@type":"WebSite","@id":"http:\/\/forotf.com\/pt\/#website","url":"http:\/\/forotf.com\/pt\/","name":"F\u00f3rum de Treinamento T\u00e9cnico","description":"Treinamento para Empresas","publisher":{"@id":"http:\/\/forotf.com\/pt\/#organization"},"alternateName":"FTF","potentialAction":[{"@type":"SearchAction","target":{"@type":"EntryPoint","urlTemplate":"http:\/\/forotf.com\/pt\/?s={search_term_string}"},"query-input":{"@type":"PropertyValueSpecification","valueRequired":true,"valueName":"search_term_string"}}],"inLanguage":"pt-PT"},{"@type":"Organization","@id":"http:\/\/forotf.com\/pt\/#organization","name":"F\u00f3rum de Treinamento T\u00e9cnico","alternateName":"FTF","url":"http:\/\/forotf.com\/pt\/","logo":{"@type":"ImageObject","inLanguage":"pt-PT","@id":"http:\/\/forotf.com\/pt\/#\/schema\/logo\/image\/","url":"https:\/\/forotf.com\/wp-content\/uploads\/2024\/02\/Oficial-Logo-FTF-Color.svg","contentUrl":"https:\/\/forotf.com\/wp-content\/uploads\/2024\/02\/Oficial-Logo-FTF-Color.svg","width":794,"height":212,"caption":"Foro T\u00e9cnico de Formaci\u00f3n"},"image":{"@id":"http:\/\/forotf.com\/pt\/#\/schema\/logo\/image\/"},"sameAs":["https:\/\/es-es.facebook.com\/forotf\/","https:\/\/www.instagram.com\/ftformacion\/?igshid=MWZjMTM2ODFkZg==","https:\/\/www.linkedin.com\/company\/foro-tecnico-de-formacion\/?originalSubdomain=es","https:\/\/www.youtube.com\/channel\/UCTzzsDUdLaZtfAGiP_ipLIg"]}]}},"publishpress_future_workflow_manual_trigger":{"enabledWorkflows":[]},"_links":{"self":[{"href":"http:\/\/forotf.com\/pt_pt\/wp-json\/wp\/v2\/product\/3317","targetHints":{"allow":["GET"]}}],"collection":[{"href":"http:\/\/forotf.com\/pt_pt\/wp-json\/wp\/v2\/product"}],"about":[{"href":"http:\/\/forotf.com\/pt_pt\/wp-json\/wp\/v2\/types\/product"}],"replies":[{"embeddable":true,"href":"http:\/\/forotf.com\/pt_pt\/wp-json\/wp\/v2\/comments?post=3317"}],"wp:featuredmedia":[{"embeddable":true,"href":"http:\/\/forotf.com\/pt_pt\/wp-json\/wp\/v2\/media\/3318"}],"wp:attachment":[{"href":"http:\/\/forotf.com\/pt_pt\/wp-json\/wp\/v2\/media?parent=3317"}],"wp:term":[{"taxonomy":"product_brand","embeddable":true,"href":"http:\/\/forotf.com\/pt_pt\/wp-json\/wp\/v2\/product_brand?post=3317"},{"taxonomy":"product_cat","embeddable":true,"href":"http:\/\/forotf.com\/pt_pt\/wp-json\/wp\/v2\/product_cat?post=3317"},{"taxonomy":"product_tag","embeddable":true,"href":"http:\/\/forotf.com\/pt_pt\/wp-json\/wp\/v2\/product_tag?post=3317"}],"curies":[{"name":"wp","href":"https:\/\/api.w.org\/{rel}","templated":true}]}}