{"id":3277,"date":"2024-03-13T10:59:52","date_gmt":"2024-03-13T10:59:52","guid":{"rendered":"https:\/\/forotf.com\/?post_type=product&#038;p=3277"},"modified":"2024-06-27T14:24:04","modified_gmt":"2024-06-27T14:24:04","slug":"sensibilizacion-del-cuidado-de-la-persona-sin-sujeciones-latinoamerica","status":"publish","type":"product","link":"http:\/\/forotf.com\/pt_pt\/curso\/sensibilizacion-del-cuidado-de-la-persona-sin-sujeciones-latinoamerica\/","title":{"rendered":"Sensibilizar para o cuidado da pessoa sem restri\u00e7\u00f5es | Apenas Argentina"},"content":{"rendered":"<p>Voc\u00ea come\u00e7ar\u00e1 explorando as origens e mudando sua perspectiva em rela\u00e7\u00e3o ao cuidado sem restri\u00e7\u00f5es, reconhecendo os direitos fundamentais das pessoas cuidadas. Voc\u00ea analisar\u00e1 o modelo bio\u00e9tico de n\u00e3o uso de restri\u00e7\u00f5es e se aprofundar\u00e1 no revolucion\u00e1rio modelo LIBERA-CARE.<\/p>\n<p>Voc\u00ea aprender\u00e1 a import\u00e2ncia do consentimento informado, da autonomia e da qualidade de vida, fornecendo-lhe ferramentas pr\u00e1ticas para sua aplica\u00e7\u00e3o.<\/p>\n<p>Atrav\u00e9s deste curso iremos orient\u00e1-lo na metodologia de gest\u00e3o, controle e elimina\u00e7\u00e3o de restri\u00e7\u00f5es, fornecendo-lhe os principais conceitos e ferramentas para promover uma cultura de mobilidade e tratamento individualizado.<\/p>\n<p>\u00c9 um treinamento ass\u00edncrono que permite que cada participante avance no conte\u00fado de acordo com sua disponibilidade. Os alunos poder\u00e3o acessar o curso por um per\u00edodo espec\u00edfico: 5 semanas. Durante ele, a plataforma permanecer\u00e1 dispon\u00edvel 24 horas por dia\/7 dias, permitindo que todos possam acess\u00e1-la no hor\u00e1rio mais adequado de acordo com suas necessidades.<\/p>\n<p>Um profissional especialista na mat\u00e9ria orientar\u00e1 a forma\u00e7\u00e3o e acompanhar\u00e1 os alunos durante todo o processo de aprendizagem, promovendo a reflex\u00e3o e a aprendizagem colaborativa atrav\u00e9s dos recursos did\u00e1ticos que lhes forem disponibilizados.<\/p>\n<p>Este curso ir\u00e1 dot\u00e1-lo das compet\u00eancias essenciais para prestar cuidados centrados na pessoa, livres de restri\u00e7\u00f5es e enriquecidos pelo respeito pela autonomia e pela qualidade de vida.<\/p>","protected":false},"excerpt":{"rendered":"<p>Mergulhe na abordagem inovadora do nosso curso de Conscientiza\u00e7\u00e3o sobre Cuidados Irrestritos, projetado para transformar a maneira como entendemos e aplicamos cuidados \u00e0queles que atendemos.<\/p>\n<p>Cadastre-se agora e fa\u00e7a parte da mudan\u00e7a para um cuidado mais humano e digno! Depressa, os primeiros 80 lugares custam 0\u20ac.<\/p>\n<p>Treinamento credenciado pelo Governo da Cidade de Buenos Aires (GCBA). Curso exclusivo para Argentina (equivalente a 14.000 pesos).<\/p>","protected":false},"featured_media":3280,"comment_status":"closed","ping_status":"closed","template":"","meta":{"codigo-servicio":"2190-A","costo-gestion":"0"},"product_brand":[],"product_cat":[88],"product_tag":[127,126,90,91,92,94],"class_list":{"0":"post-3277","1":"product","2":"type-product","3":"status-publish","4":"has-post-thumbnail","6":"product_cat-programado","7":"product_tag-certificado-acreditado-por-gcba","8":"product_tag-idioma-espanol-neutro","9":"product_tag-multidispositivo","10":"product_tag-sin-horarios","11":"product_tag-test-de-evaluacion","12":"product_tag-tutor-acreditado","14":"first","15":"instock","16":"virtual","17":"purchasable","18":"product-type-simple"},"pp_statuses_selecting_workflow":false,"pp_workflow_action":"current","pp_status_selection":"publish","yoast_head":"<!-- This site is optimized with the Yoast SEO plugin v27.5 - https:\/\/yoast.com\/product\/yoast-seo-wordpress\/ -->\n<title>Curso de Sensibilizaci\u00f3n del cuidado de la persona sin sujeciones | Solo Argentina | Foro T\u00e9cnico de Formaci\u00f3n<\/title>\n<meta name=\"description\" content=\"Potencia tu conocimiento con nuestro curso Sensibilizaci\u00f3n del cuidado de la persona sin sujeciones | Solo Argentina. Descubre, aprende y crece con Foro T\u00e9cnico de Formaci\u00f3n.\" \/>\n<meta name=\"robots\" content=\"index, follow, max-snippet:-1, max-image-preview:large, max-video-preview:-1\" \/>\n<link rel=\"canonical\" href=\"http:\/\/forotf.com\/pt_pt\/curso\/sensibilizacion-del-cuidado-de-la-persona-sin-sujeciones-latinoamerica\/\" \/>\n<meta property=\"og:locale\" content=\"pt_PT\" \/>\n<meta property=\"og:type\" content=\"article\" \/>\n<meta property=\"og:title\" content=\"Curso de Sensibilizaci\u00f3n del cuidado de la persona sin sujeciones | Solo Argentina | Foro T\u00e9cnico de Formaci\u00f3n\" \/>\n<meta property=\"og:description\" content=\"Potencia tu conocimiento con nuestro curso Sensibilizaci\u00f3n del cuidado de la persona sin sujeciones | Solo Argentina. Descubre, aprende y crece con Foro T\u00e9cnico de Formaci\u00f3n.\" \/>\n<meta property=\"og:url\" content=\"http:\/\/forotf.com\/pt_pt\/curso\/sensibilizacion-del-cuidado-de-la-persona-sin-sujeciones-latinoamerica\/\" \/>\n<meta property=\"og:site_name\" content=\"Foro T\u00e9cnico de Formaci\u00f3n\" \/>\n<meta property=\"article:publisher\" content=\"https:\/\/es-es.facebook.com\/forotf\/\" \/>\n<meta property=\"article:modified_time\" content=\"2024-06-27T14:24:04+00:00\" \/>\n<meta property=\"og:image\" content=\"http:\/\/forotf.com\/wp-content\/uploads\/2024\/03\/Sensibilizacion-cuidado-sin-sujeciones-latam-2.jpg\" \/>\n\t<meta property=\"og:image:width\" content=\"1000\" \/>\n\t<meta property=\"og:image:height\" content=\"1000\" \/>\n\t<meta property=\"og:image:type\" content=\"image\/jpeg\" \/>\n<meta name=\"twitter:card\" content=\"summary_large_image\" \/>\n<script type=\"application\/ld+json\" class=\"yoast-schema-graph\">{\"@context\":\"https:\\\/\\\/schema.org\",\"@graph\":[{\"@type\":\"WebPage\",\"@id\":\"http:\\\/\\\/forotf.com\\\/pt_pt\\\/curso\\\/sensibilizacion-del-cuidado-de-la-persona-sin-sujeciones-latinoamerica\\\/\",\"url\":\"http:\\\/\\\/forotf.com\\\/pt_pt\\\/curso\\\/sensibilizacion-del-cuidado-de-la-persona-sin-sujeciones-latinoamerica\\\/\",\"name\":\"Curso de Sensibilizaci\u00f3n del cuidado de la persona sin sujeciones | Solo Argentina | Foro T\u00e9cnico de Formaci\u00f3n\",\"isPartOf\":{\"@id\":\"http:\\\/\\\/forotf.com\\\/pt\\\/#website\"},\"primaryImageOfPage\":{\"@id\":\"http:\\\/\\\/forotf.com\\\/pt_pt\\\/curso\\\/sensibilizacion-del-cuidado-de-la-persona-sin-sujeciones-latinoamerica\\\/#primaryimage\"},\"image\":{\"@id\":\"http:\\\/\\\/forotf.com\\\/pt_pt\\\/curso\\\/sensibilizacion-del-cuidado-de-la-persona-sin-sujeciones-latinoamerica\\\/#primaryimage\"},\"thumbnailUrl\":\"https:\\\/\\\/forotf.com\\\/wp-content\\\/uploads\\\/2024\\\/03\\\/Sensibilizacion-cuidado-sin-sujeciones-latam-2.jpg\",\"datePublished\":\"2024-03-13T10:59:52+00:00\",\"dateModified\":\"2024-06-27T14:24:04+00:00\",\"description\":\"Potencia tu conocimiento con nuestro curso Sensibilizaci\u00f3n del cuidado de la persona sin sujeciones | Solo Argentina. Descubre, aprende y crece con Foro T\u00e9cnico de Formaci\u00f3n.\",\"breadcrumb\":{\"@id\":\"http:\\\/\\\/forotf.com\\\/pt_pt\\\/curso\\\/sensibilizacion-del-cuidado-de-la-persona-sin-sujeciones-latinoamerica\\\/#breadcrumb\"},\"inLanguage\":\"pt-PT\",\"potentialAction\":[{\"@type\":\"ReadAction\",\"target\":[\"http:\\\/\\\/forotf.com\\\/pt_pt\\\/curso\\\/sensibilizacion-del-cuidado-de-la-persona-sin-sujeciones-latinoamerica\\\/\"]}]},{\"@type\":\"ImageObject\",\"inLanguage\":\"pt-PT\",\"@id\":\"http:\\\/\\\/forotf.com\\\/pt_pt\\\/curso\\\/sensibilizacion-del-cuidado-de-la-persona-sin-sujeciones-latinoamerica\\\/#primaryimage\",\"url\":\"https:\\\/\\\/forotf.com\\\/wp-content\\\/uploads\\\/2024\\\/03\\\/Sensibilizacion-cuidado-sin-sujeciones-latam-2.jpg\",\"contentUrl\":\"https:\\\/\\\/forotf.com\\\/wp-content\\\/uploads\\\/2024\\\/03\\\/Sensibilizacion-cuidado-sin-sujeciones-latam-2.jpg\",\"width\":1000,\"height\":1000},{\"@type\":\"BreadcrumbList\",\"@id\":\"http:\\\/\\\/forotf.com\\\/pt_pt\\\/curso\\\/sensibilizacion-del-cuidado-de-la-persona-sin-sujeciones-latinoamerica\\\/#breadcrumb\",\"itemListElement\":[{\"@type\":\"ListItem\",\"position\":1,\"name\":\"Inicio\",\"item\":\"https:\\\/\\\/forotf.com\\\/\"},{\"@type\":\"ListItem\",\"position\":2,\"name\":\"Cursos\",\"item\":\"https:\\\/\\\/forotf.com\\\/cursos\\\/\"},{\"@type\":\"ListItem\",\"position\":3,\"name\":\"Programado\",\"item\":\"http:\\\/\\\/forotf.com\\\/pt\\\/product-category\\\/programado\\\/\"},{\"@type\":\"ListItem\",\"position\":4,\"name\":\"Sensibilizaci\u00f3n del cuidado de la persona sin sujeciones | Solo Argentina\"}]},{\"@type\":\"WebSite\",\"@id\":\"http:\\\/\\\/forotf.com\\\/pt\\\/#website\",\"url\":\"http:\\\/\\\/forotf.com\\\/pt\\\/\",\"name\":\"Foro T\u00e9cnico de Formaci\u00f3n\",\"description\":\"Formaci\u00f3n para Empresas\",\"publisher\":{\"@id\":\"http:\\\/\\\/forotf.com\\\/pt\\\/#organization\"},\"alternateName\":\"FTF\",\"potentialAction\":[{\"@type\":\"SearchAction\",\"target\":{\"@type\":\"EntryPoint\",\"urlTemplate\":\"http:\\\/\\\/forotf.com\\\/pt\\\/?s={search_term_string}\"},\"query-input\":{\"@type\":\"PropertyValueSpecification\",\"valueRequired\":true,\"valueName\":\"search_term_string\"}}],\"inLanguage\":\"pt-PT\"},{\"@type\":\"Organization\",\"@id\":\"http:\\\/\\\/forotf.com\\\/pt\\\/#organization\",\"name\":\"Foro T\u00e9cnico de Formaci\u00f3n\",\"alternateName\":\"FTF\",\"url\":\"http:\\\/\\\/forotf.com\\\/pt\\\/\",\"logo\":{\"@type\":\"ImageObject\",\"inLanguage\":\"pt-PT\",\"@id\":\"http:\\\/\\\/forotf.com\\\/pt\\\/#\\\/schema\\\/logo\\\/image\\\/\",\"url\":\"https:\\\/\\\/forotf.com\\\/wp-content\\\/uploads\\\/2024\\\/02\\\/Oficial-Logo-FTF-Color.svg\",\"contentUrl\":\"https:\\\/\\\/forotf.com\\\/wp-content\\\/uploads\\\/2024\\\/02\\\/Oficial-Logo-FTF-Color.svg\",\"width\":794,\"height\":212,\"caption\":\"Foro T\u00e9cnico de Formaci\u00f3n\"},\"image\":{\"@id\":\"http:\\\/\\\/forotf.com\\\/pt\\\/#\\\/schema\\\/logo\\\/image\\\/\"},\"sameAs\":[\"https:\\\/\\\/es-es.facebook.com\\\/forotf\\\/\",\"https:\\\/\\\/www.instagram.com\\\/ftformacion\\\/?igshid=MWZjMTM2ODFkZg==\",\"https:\\\/\\\/www.linkedin.com\\\/company\\\/foro-tecnico-de-formacion\\\/?originalSubdomain=es\",\"https:\\\/\\\/www.youtube.com\\\/channel\\\/UCTzzsDUdLaZtfAGiP_ipLIg\"]}]}<\/script>\n<!-- \/ Yoast SEO plugin. -->","yoast_head_json":{"title":"Curso de Sensibilizaci\u00f3n del cuidado de la persona sin sujeciones | Solo Argentina | Foro T\u00e9cnico de Formaci\u00f3n","description":"Potencia tu conocimiento con nuestro curso Sensibilizaci\u00f3n del cuidado de la persona sin sujeciones | Solo Argentina. Descubre, aprende y crece con Foro T\u00e9cnico de Formaci\u00f3n.","robots":{"index":"index","follow":"follow","max-snippet":"max-snippet:-1","max-image-preview":"max-image-preview:large","max-video-preview":"max-video-preview:-1"},"canonical":"http:\/\/forotf.com\/pt_pt\/curso\/sensibilizacion-del-cuidado-de-la-persona-sin-sujeciones-latinoamerica\/","og_locale":"pt_PT","og_type":"article","og_title":"Curso de Sensibilizaci\u00f3n del cuidado de la persona sin sujeciones | Solo Argentina | Foro T\u00e9cnico de Formaci\u00f3n","og_description":"Potencia tu conocimiento con nuestro curso Sensibilizaci\u00f3n del cuidado de la persona sin sujeciones | Solo Argentina. Descubre, aprende y crece con Foro T\u00e9cnico de Formaci\u00f3n.","og_url":"http:\/\/forotf.com\/pt_pt\/curso\/sensibilizacion-del-cuidado-de-la-persona-sin-sujeciones-latinoamerica\/","og_site_name":"Foro T\u00e9cnico de Formaci\u00f3n","article_publisher":"https:\/\/es-es.facebook.com\/forotf\/","article_modified_time":"2024-06-27T14:24:04+00:00","og_image":[{"width":1000,"height":1000,"url":"http:\/\/forotf.com\/wp-content\/uploads\/2024\/03\/Sensibilizacion-cuidado-sin-sujeciones-latam-2.jpg","type":"image\/jpeg"}],"twitter_card":"summary_large_image","schema":{"@context":"https:\/\/schema.org","@graph":[{"@type":"WebPage","@id":"http:\/\/forotf.com\/pt_pt\/curso\/sensibilizacion-del-cuidado-de-la-persona-sin-sujeciones-latinoamerica\/","url":"http:\/\/forotf.com\/pt_pt\/curso\/sensibilizacion-del-cuidado-de-la-persona-sin-sujeciones-latinoamerica\/","name":"Curso de Sensibilizaci\u00f3n del cuidado de la persona sin sujeciones | Solo Argentina | Foro T\u00e9cnico de Formaci\u00f3n","isPartOf":{"@id":"http:\/\/forotf.com\/pt\/#website"},"primaryImageOfPage":{"@id":"http:\/\/forotf.com\/pt_pt\/curso\/sensibilizacion-del-cuidado-de-la-persona-sin-sujeciones-latinoamerica\/#primaryimage"},"image":{"@id":"http:\/\/forotf.com\/pt_pt\/curso\/sensibilizacion-del-cuidado-de-la-persona-sin-sujeciones-latinoamerica\/#primaryimage"},"thumbnailUrl":"https:\/\/forotf.com\/wp-content\/uploads\/2024\/03\/Sensibilizacion-cuidado-sin-sujeciones-latam-2.jpg","datePublished":"2024-03-13T10:59:52+00:00","dateModified":"2024-06-27T14:24:04+00:00","description":"Potencia tu conocimiento con nuestro curso Sensibilizaci\u00f3n del cuidado de la persona sin sujeciones | Solo Argentina. Descubre, aprende y crece con Foro T\u00e9cnico de Formaci\u00f3n.","breadcrumb":{"@id":"http:\/\/forotf.com\/pt_pt\/curso\/sensibilizacion-del-cuidado-de-la-persona-sin-sujeciones-latinoamerica\/#breadcrumb"},"inLanguage":"pt-PT","potentialAction":[{"@type":"ReadAction","target":["http:\/\/forotf.com\/pt_pt\/curso\/sensibilizacion-del-cuidado-de-la-persona-sin-sujeciones-latinoamerica\/"]}]},{"@type":"ImageObject","inLanguage":"pt-PT","@id":"http:\/\/forotf.com\/pt_pt\/curso\/sensibilizacion-del-cuidado-de-la-persona-sin-sujeciones-latinoamerica\/#primaryimage","url":"https:\/\/forotf.com\/wp-content\/uploads\/2024\/03\/Sensibilizacion-cuidado-sin-sujeciones-latam-2.jpg","contentUrl":"https:\/\/forotf.com\/wp-content\/uploads\/2024\/03\/Sensibilizacion-cuidado-sin-sujeciones-latam-2.jpg","width":1000,"height":1000},{"@type":"BreadcrumbList","@id":"http:\/\/forotf.com\/pt_pt\/curso\/sensibilizacion-del-cuidado-de-la-persona-sin-sujeciones-latinoamerica\/#breadcrumb","itemListElement":[{"@type":"ListItem","position":1,"name":"Inicio","item":"https:\/\/forotf.com\/"},{"@type":"ListItem","position":2,"name":"Cursos","item":"https:\/\/forotf.com\/cursos\/"},{"@type":"ListItem","position":3,"name":"Programado","item":"http:\/\/forotf.com\/pt\/product-category\/programado\/"},{"@type":"ListItem","position":4,"name":"Sensibilizaci\u00f3n del cuidado de la persona sin sujeciones | Solo Argentina"}]},{"@type":"WebSite","@id":"http:\/\/forotf.com\/pt\/#website","url":"http:\/\/forotf.com\/pt\/","name":"F\u00f3rum de Treinamento T\u00e9cnico","description":"Treinamento para Empresas","publisher":{"@id":"http:\/\/forotf.com\/pt\/#organization"},"alternateName":"FTF","potentialAction":[{"@type":"SearchAction","target":{"@type":"EntryPoint","urlTemplate":"http:\/\/forotf.com\/pt\/?s={search_term_string}"},"query-input":{"@type":"PropertyValueSpecification","valueRequired":true,"valueName":"search_term_string"}}],"inLanguage":"pt-PT"},{"@type":"Organization","@id":"http:\/\/forotf.com\/pt\/#organization","name":"F\u00f3rum de Treinamento T\u00e9cnico","alternateName":"FTF","url":"http:\/\/forotf.com\/pt\/","logo":{"@type":"ImageObject","inLanguage":"pt-PT","@id":"http:\/\/forotf.com\/pt\/#\/schema\/logo\/image\/","url":"https:\/\/forotf.com\/wp-content\/uploads\/2024\/02\/Oficial-Logo-FTF-Color.svg","contentUrl":"https:\/\/forotf.com\/wp-content\/uploads\/2024\/02\/Oficial-Logo-FTF-Color.svg","width":794,"height":212,"caption":"Foro T\u00e9cnico de Formaci\u00f3n"},"image":{"@id":"http:\/\/forotf.com\/pt\/#\/schema\/logo\/image\/"},"sameAs":["https:\/\/es-es.facebook.com\/forotf\/","https:\/\/www.instagram.com\/ftformacion\/?igshid=MWZjMTM2ODFkZg==","https:\/\/www.linkedin.com\/company\/foro-tecnico-de-formacion\/?originalSubdomain=es","https:\/\/www.youtube.com\/channel\/UCTzzsDUdLaZtfAGiP_ipLIg"]}]}},"publishpress_future_workflow_manual_trigger":{"enabledWorkflows":[]},"_links":{"self":[{"href":"http:\/\/forotf.com\/pt_pt\/wp-json\/wp\/v2\/product\/3277","targetHints":{"allow":["GET"]}}],"collection":[{"href":"http:\/\/forotf.com\/pt_pt\/wp-json\/wp\/v2\/product"}],"about":[{"href":"http:\/\/forotf.com\/pt_pt\/wp-json\/wp\/v2\/types\/product"}],"replies":[{"embeddable":true,"href":"http:\/\/forotf.com\/pt_pt\/wp-json\/wp\/v2\/comments?post=3277"}],"wp:featuredmedia":[{"embeddable":true,"href":"http:\/\/forotf.com\/pt_pt\/wp-json\/wp\/v2\/media\/3280"}],"wp:attachment":[{"href":"http:\/\/forotf.com\/pt_pt\/wp-json\/wp\/v2\/media?parent=3277"}],"wp:term":[{"taxonomy":"product_brand","embeddable":true,"href":"http:\/\/forotf.com\/pt_pt\/wp-json\/wp\/v2\/product_brand?post=3277"},{"taxonomy":"product_cat","embeddable":true,"href":"http:\/\/forotf.com\/pt_pt\/wp-json\/wp\/v2\/product_cat?post=3277"},{"taxonomy":"product_tag","embeddable":true,"href":"http:\/\/forotf.com\/pt_pt\/wp-json\/wp\/v2\/product_tag?post=3277"}],"curies":[{"name":"wp","href":"https:\/\/api.w.org\/{rel}","templated":true}]}}