{"id":4520,"date":"2024-04-10T09:42:13","date_gmt":"2024-04-10T09:42:13","guid":{"rendered":"https:\/\/forotf.com\/?post_type=product&#038;p=4520"},"modified":"2024-07-26T09:46:45","modified_gmt":"2024-07-26T09:46:45","slug":"desatar-a-la-persona-mayor-y-al-enfermo-de-alzheimer","status":"publish","type":"product","link":"http:\/\/forotf.com\/pt\/curso\/desatar-a-la-persona-mayor-y-al-enfermo-de-alzheimer\/","title":{"rendered":"Medidas alternativas de itiner\u00e1rio \u00e0s restri\u00e7\u00f5es 3A. Desamarrando o idoso e o paciente de Alzheimer"},"content":{"rendered":"<p>Exploraremos a necessidade prevalecente de uma mudan\u00e7a cultural no sentido de ambientes livres de restri\u00e7\u00f5es, abordando a elevada preval\u00eancia no uso destas pr\u00e1ticas. Desmistificaremos conceitos errados e sensibilizaremos os participantes sobre os benef\u00edcios de centros que sejam amig\u00e1veis para os idosos, nos quais os seus direitos humanos sejam respeitados.<\/p>\n<p>Iremos gui\u00e1-lo atrav\u00e9s do processo de remo\u00e7\u00e3o de restri\u00e7\u00f5es no programa Untie. Analisaremos recomenda\u00e7\u00f5es, protocolos e a\u00e7\u00f5es preventivas, destacando a import\u00e2ncia da motiva\u00e7\u00e3o, lideran\u00e7a e comunica\u00e7\u00e3o neste processo. Voc\u00ea descobrir\u00e1 como o Consentimento Informado \u00e9 uma ferramenta valiosa para conscientizar as fam\u00edlias e conseguir um centro livre de restri\u00e7\u00f5es.<\/p>\n<p>Neste curso voc\u00ea aprender\u00e1 os elementos estrat\u00e9gicos do programa Desatar, incluindo a cria\u00e7\u00e3o de protocolos de queda e n\u00e3o queda, o entendimento da dem\u00eancia para um tratamento digno e a aplica\u00e7\u00e3o de chaves de ajuda em situa\u00e7\u00f5es espec\u00edficas. Al\u00e9m disso, ser\u00e3o abordados os fundamentos \u00e9ticos e as evid\u00eancias cient\u00edficas que sustentam o programa Unleash.<br \/>\nCadastre-se agora e fa\u00e7a parte da transforma\u00e7\u00e3o rumo a um cuidado mais digno e respeitoso!<\/p>","protected":false},"excerpt":{"rendered":"<p>Participe do nosso curso revolucion\u00e1rio \u201cLibertando os Idosos e os Pacientes de Alzheimer\u201d e fa\u00e7a parte da mudan\u00e7a cultural no cuidado de idosos e pacientes de Alzheimer!<\/p>\n<p>Com este curso pretendemos sensibilizar, formar e capacitar os participantes para liderarem uma mudan\u00e7a cultural baseada na elimina\u00e7\u00e3o de restri\u00e7\u00f5es e no respeito pelos direitos humanos, atrav\u00e9s do inovador programa Desatar.<\/p>","protected":false},"featured_media":4521,"comment_status":"closed","ping_status":"closed","template":"","meta":{"codigo-servicio":"2191-A","costo-gestion":"14.52"},"product_brand":[],"product_cat":[88],"product_tag":[89,93,90,91,92,94],"class_list":{"0":"post-4520","1":"product","2":"type-product","3":"status-publish","4":"has-post-thumbnail","6":"product_cat-programado","7":"product_tag-100-bonificable","8":"product_tag-certificado-de-finalizacion","9":"product_tag-multidispositivo","10":"product_tag-sin-horarios","11":"product_tag-test-de-evaluacion","12":"product_tag-tutor-acreditado","14":"first","15":"instock","16":"virtual","17":"purchasable","18":"product-type-simple"},"pp_statuses_selecting_workflow":false,"pp_workflow_action":"current","pp_status_selection":"publish","yoast_head":"<!-- This site is optimized with the Yoast SEO plugin v27.4 - https:\/\/yoast.com\/product\/yoast-seo-wordpress\/ -->\n<title>Curso de Itinerario medidas alternativas a las sujeciones 3A. Desatar a la persona mayor y al enfermo de alzheimer | Foro T\u00e9cnico de Formaci\u00f3n<\/title>\n<meta name=\"description\" content=\"Con este curso podr\u00e1s liderar el cambio hacia la eliminaci\u00f3n de sujeciones y el respeto por los derechos humanos, a trav\u00e9s del innovador programa Desatar\" \/>\n<meta name=\"robots\" content=\"index, follow, max-snippet:-1, max-image-preview:large, max-video-preview:-1\" \/>\n<link rel=\"canonical\" href=\"http:\/\/forotf.com\/pt\/curso\/desatar-a-la-persona-mayor-y-al-enfermo-de-alzheimer\/\" \/>\n<meta property=\"og:locale\" content=\"pt_BR\" \/>\n<meta property=\"og:type\" content=\"article\" \/>\n<meta property=\"og:title\" content=\"Curso de Itinerario medidas alternativas a las sujeciones 3A. Desatar a la persona mayor y al enfermo de alzheimer | Foro T\u00e9cnico de Formaci\u00f3n\" \/>\n<meta property=\"og:description\" content=\"Con este curso podr\u00e1s liderar el cambio hacia la eliminaci\u00f3n de sujeciones y el respeto por los derechos humanos, a trav\u00e9s del innovador programa Desatar\" \/>\n<meta property=\"og:url\" content=\"http:\/\/forotf.com\/pt\/curso\/desatar-a-la-persona-mayor-y-al-enfermo-de-alzheimer\/\" \/>\n<meta property=\"og:site_name\" content=\"Foro T\u00e9cnico de Formaci\u00f3n\" \/>\n<meta property=\"article:publisher\" content=\"https:\/\/es-es.facebook.com\/forotf\/\" \/>\n<meta property=\"article:modified_time\" content=\"2024-07-26T09:46:45+00:00\" \/>\n<meta property=\"og:image\" content=\"http:\/\/forotf.com\/wp-content\/uploads\/2024\/04\/Sujeciones-parte-3A-scaled.jpg\" \/>\n\t<meta property=\"og:image:width\" content=\"2560\" \/>\n\t<meta property=\"og:image:height\" content=\"1707\" \/>\n\t<meta property=\"og:image:type\" content=\"image\/jpeg\" \/>\n<meta name=\"twitter:card\" content=\"summary_large_image\" \/>\n<script type=\"application\/ld+json\" class=\"yoast-schema-graph\">{\"@context\":\"https:\\\/\\\/schema.org\",\"@graph\":[{\"@type\":\"WebPage\",\"@id\":\"http:\\\/\\\/forotf.com\\\/curso\\\/desatar-a-la-persona-mayor-y-al-enfermo-de-alzheimer\\\/\",\"url\":\"http:\\\/\\\/forotf.com\\\/curso\\\/desatar-a-la-persona-mayor-y-al-enfermo-de-alzheimer\\\/\",\"name\":\"Curso de Itinerario medidas alternativas a las sujeciones 3A. Desatar a la persona mayor y al enfermo de alzheimer | Foro T\u00e9cnico de Formaci\u00f3n\",\"isPartOf\":{\"@id\":\"http:\\\/\\\/forotf.com\\\/pt\\\/#website\"},\"primaryImageOfPage\":{\"@id\":\"http:\\\/\\\/forotf.com\\\/curso\\\/desatar-a-la-persona-mayor-y-al-enfermo-de-alzheimer\\\/#primaryimage\"},\"image\":{\"@id\":\"http:\\\/\\\/forotf.com\\\/curso\\\/desatar-a-la-persona-mayor-y-al-enfermo-de-alzheimer\\\/#primaryimage\"},\"thumbnailUrl\":\"https:\\\/\\\/forotf.com\\\/wp-content\\\/uploads\\\/2024\\\/04\\\/Sujeciones-parte-3A-scaled.jpg\",\"datePublished\":\"2024-04-10T09:42:13+00:00\",\"dateModified\":\"2024-07-26T09:46:45+00:00\",\"description\":\"Con este curso podr\u00e1s liderar el cambio hacia la eliminaci\u00f3n de sujeciones y el respeto por los derechos humanos, a trav\u00e9s del innovador programa Desatar\",\"breadcrumb\":{\"@id\":\"http:\\\/\\\/forotf.com\\\/curso\\\/desatar-a-la-persona-mayor-y-al-enfermo-de-alzheimer\\\/#breadcrumb\"},\"inLanguage\":\"pt-BR\",\"potentialAction\":[{\"@type\":\"ReadAction\",\"target\":[\"http:\\\/\\\/forotf.com\\\/curso\\\/desatar-a-la-persona-mayor-y-al-enfermo-de-alzheimer\\\/\"]}]},{\"@type\":\"ImageObject\",\"inLanguage\":\"pt-BR\",\"@id\":\"http:\\\/\\\/forotf.com\\\/curso\\\/desatar-a-la-persona-mayor-y-al-enfermo-de-alzheimer\\\/#primaryimage\",\"url\":\"https:\\\/\\\/forotf.com\\\/wp-content\\\/uploads\\\/2024\\\/04\\\/Sujeciones-parte-3A-scaled.jpg\",\"contentUrl\":\"https:\\\/\\\/forotf.com\\\/wp-content\\\/uploads\\\/2024\\\/04\\\/Sujeciones-parte-3A-scaled.jpg\",\"width\":2560,\"height\":1707},{\"@type\":\"BreadcrumbList\",\"@id\":\"http:\\\/\\\/forotf.com\\\/curso\\\/desatar-a-la-persona-mayor-y-al-enfermo-de-alzheimer\\\/#breadcrumb\",\"itemListElement\":[{\"@type\":\"ListItem\",\"position\":1,\"name\":\"Inicio\",\"item\":\"https:\\\/\\\/forotf.com\\\/\"},{\"@type\":\"ListItem\",\"position\":2,\"name\":\"Cursos\",\"item\":\"https:\\\/\\\/forotf.com\\\/cursos\\\/\"},{\"@type\":\"ListItem\",\"position\":3,\"name\":\"Programado\",\"item\":\"http:\\\/\\\/forotf.com\\\/pt\\\/product-category\\\/programado\\\/\"},{\"@type\":\"ListItem\",\"position\":4,\"name\":\"Itinerario medidas alternativas a las sujeciones 3A. Desatar a la persona mayor y al enfermo de alzheimer\"}]},{\"@type\":\"WebSite\",\"@id\":\"http:\\\/\\\/forotf.com\\\/pt\\\/#website\",\"url\":\"http:\\\/\\\/forotf.com\\\/pt\\\/\",\"name\":\"Foro T\u00e9cnico de Formaci\u00f3n\",\"description\":\"Formaci\u00f3n para Empresas\",\"publisher\":{\"@id\":\"http:\\\/\\\/forotf.com\\\/pt\\\/#organization\"},\"alternateName\":\"FTF\",\"potentialAction\":[{\"@type\":\"SearchAction\",\"target\":{\"@type\":\"EntryPoint\",\"urlTemplate\":\"http:\\\/\\\/forotf.com\\\/pt\\\/?s={search_term_string}\"},\"query-input\":{\"@type\":\"PropertyValueSpecification\",\"valueRequired\":true,\"valueName\":\"search_term_string\"}}],\"inLanguage\":\"pt-BR\"},{\"@type\":\"Organization\",\"@id\":\"http:\\\/\\\/forotf.com\\\/pt\\\/#organization\",\"name\":\"Foro T\u00e9cnico de Formaci\u00f3n\",\"alternateName\":\"FTF\",\"url\":\"http:\\\/\\\/forotf.com\\\/pt\\\/\",\"logo\":{\"@type\":\"ImageObject\",\"inLanguage\":\"pt-BR\",\"@id\":\"http:\\\/\\\/forotf.com\\\/pt\\\/#\\\/schema\\\/logo\\\/image\\\/\",\"url\":\"https:\\\/\\\/forotf.com\\\/wp-content\\\/uploads\\\/2024\\\/02\\\/Oficial-Logo-FTF-Color.svg\",\"contentUrl\":\"https:\\\/\\\/forotf.com\\\/wp-content\\\/uploads\\\/2024\\\/02\\\/Oficial-Logo-FTF-Color.svg\",\"width\":794,\"height\":212,\"caption\":\"Foro T\u00e9cnico de Formaci\u00f3n\"},\"image\":{\"@id\":\"http:\\\/\\\/forotf.com\\\/pt\\\/#\\\/schema\\\/logo\\\/image\\\/\"},\"sameAs\":[\"https:\\\/\\\/es-es.facebook.com\\\/forotf\\\/\",\"https:\\\/\\\/www.instagram.com\\\/ftformacion\\\/?igshid=MWZjMTM2ODFkZg==\",\"https:\\\/\\\/www.linkedin.com\\\/company\\\/foro-tecnico-de-formacion\\\/?originalSubdomain=es\",\"https:\\\/\\\/www.youtube.com\\\/channel\\\/UCTzzsDUdLaZtfAGiP_ipLIg\"]}]}<\/script>\n<!-- \/ Yoast SEO plugin. -->","yoast_head_json":{"title":"Curso de Itinerario medidas alternativas a las sujeciones 3A. Desatar a la persona mayor y al enfermo de alzheimer | Foro T\u00e9cnico de Formaci\u00f3n","description":"Con este curso podr\u00e1s liderar el cambio hacia la eliminaci\u00f3n de sujeciones y el respeto por los derechos humanos, a trav\u00e9s del innovador programa Desatar","robots":{"index":"index","follow":"follow","max-snippet":"max-snippet:-1","max-image-preview":"max-image-preview:large","max-video-preview":"max-video-preview:-1"},"canonical":"http:\/\/forotf.com\/pt\/curso\/desatar-a-la-persona-mayor-y-al-enfermo-de-alzheimer\/","og_locale":"pt_BR","og_type":"article","og_title":"Curso de Itinerario medidas alternativas a las sujeciones 3A. Desatar a la persona mayor y al enfermo de alzheimer | Foro T\u00e9cnico de Formaci\u00f3n","og_description":"Con este curso podr\u00e1s liderar el cambio hacia la eliminaci\u00f3n de sujeciones y el respeto por los derechos humanos, a trav\u00e9s del innovador programa Desatar","og_url":"http:\/\/forotf.com\/pt\/curso\/desatar-a-la-persona-mayor-y-al-enfermo-de-alzheimer\/","og_site_name":"Foro T\u00e9cnico de Formaci\u00f3n","article_publisher":"https:\/\/es-es.facebook.com\/forotf\/","article_modified_time":"2024-07-26T09:46:45+00:00","og_image":[{"width":2560,"height":1707,"url":"http:\/\/forotf.com\/wp-content\/uploads\/2024\/04\/Sujeciones-parte-3A-scaled.jpg","type":"image\/jpeg"}],"twitter_card":"summary_large_image","schema":{"@context":"https:\/\/schema.org","@graph":[{"@type":"WebPage","@id":"http:\/\/forotf.com\/curso\/desatar-a-la-persona-mayor-y-al-enfermo-de-alzheimer\/","url":"http:\/\/forotf.com\/curso\/desatar-a-la-persona-mayor-y-al-enfermo-de-alzheimer\/","name":"Curso de Itinerario medidas alternativas a las sujeciones 3A. Desatar a la persona mayor y al enfermo de alzheimer | Foro T\u00e9cnico de Formaci\u00f3n","isPartOf":{"@id":"http:\/\/forotf.com\/pt\/#website"},"primaryImageOfPage":{"@id":"http:\/\/forotf.com\/curso\/desatar-a-la-persona-mayor-y-al-enfermo-de-alzheimer\/#primaryimage"},"image":{"@id":"http:\/\/forotf.com\/curso\/desatar-a-la-persona-mayor-y-al-enfermo-de-alzheimer\/#primaryimage"},"thumbnailUrl":"https:\/\/forotf.com\/wp-content\/uploads\/2024\/04\/Sujeciones-parte-3A-scaled.jpg","datePublished":"2024-04-10T09:42:13+00:00","dateModified":"2024-07-26T09:46:45+00:00","description":"Con este curso podr\u00e1s liderar el cambio hacia la eliminaci\u00f3n de sujeciones y el respeto por los derechos humanos, a trav\u00e9s del innovador programa Desatar","breadcrumb":{"@id":"http:\/\/forotf.com\/curso\/desatar-a-la-persona-mayor-y-al-enfermo-de-alzheimer\/#breadcrumb"},"inLanguage":"pt-BR","potentialAction":[{"@type":"ReadAction","target":["http:\/\/forotf.com\/curso\/desatar-a-la-persona-mayor-y-al-enfermo-de-alzheimer\/"]}]},{"@type":"ImageObject","inLanguage":"pt-BR","@id":"http:\/\/forotf.com\/curso\/desatar-a-la-persona-mayor-y-al-enfermo-de-alzheimer\/#primaryimage","url":"https:\/\/forotf.com\/wp-content\/uploads\/2024\/04\/Sujeciones-parte-3A-scaled.jpg","contentUrl":"https:\/\/forotf.com\/wp-content\/uploads\/2024\/04\/Sujeciones-parte-3A-scaled.jpg","width":2560,"height":1707},{"@type":"BreadcrumbList","@id":"http:\/\/forotf.com\/curso\/desatar-a-la-persona-mayor-y-al-enfermo-de-alzheimer\/#breadcrumb","itemListElement":[{"@type":"ListItem","position":1,"name":"Inicio","item":"https:\/\/forotf.com\/"},{"@type":"ListItem","position":2,"name":"Cursos","item":"https:\/\/forotf.com\/cursos\/"},{"@type":"ListItem","position":3,"name":"Programado","item":"http:\/\/forotf.com\/pt\/product-category\/programado\/"},{"@type":"ListItem","position":4,"name":"Itinerario medidas alternativas a las sujeciones 3A. Desatar a la persona mayor y al enfermo de alzheimer"}]},{"@type":"WebSite","@id":"http:\/\/forotf.com\/pt\/#website","url":"http:\/\/forotf.com\/pt\/","name":"F\u00f3rum de Treinamento T\u00e9cnico","description":"Treinamento para Empresas","publisher":{"@id":"http:\/\/forotf.com\/pt\/#organization"},"alternateName":"FTF","potentialAction":[{"@type":"SearchAction","target":{"@type":"EntryPoint","urlTemplate":"http:\/\/forotf.com\/pt\/?s={search_term_string}"},"query-input":{"@type":"PropertyValueSpecification","valueRequired":true,"valueName":"search_term_string"}}],"inLanguage":"pt-BR"},{"@type":"Organization","@id":"http:\/\/forotf.com\/pt\/#organization","name":"F\u00f3rum de Treinamento T\u00e9cnico","alternateName":"FTF","url":"http:\/\/forotf.com\/pt\/","logo":{"@type":"ImageObject","inLanguage":"pt-BR","@id":"http:\/\/forotf.com\/pt\/#\/schema\/logo\/image\/","url":"https:\/\/forotf.com\/wp-content\/uploads\/2024\/02\/Oficial-Logo-FTF-Color.svg","contentUrl":"https:\/\/forotf.com\/wp-content\/uploads\/2024\/02\/Oficial-Logo-FTF-Color.svg","width":794,"height":212,"caption":"Foro T\u00e9cnico de Formaci\u00f3n"},"image":{"@id":"http:\/\/forotf.com\/pt\/#\/schema\/logo\/image\/"},"sameAs":["https:\/\/es-es.facebook.com\/forotf\/","https:\/\/www.instagram.com\/ftformacion\/?igshid=MWZjMTM2ODFkZg==","https:\/\/www.linkedin.com\/company\/foro-tecnico-de-formacion\/?originalSubdomain=es","https:\/\/www.youtube.com\/channel\/UCTzzsDUdLaZtfAGiP_ipLIg"]}]}},"publishpress_future_workflow_manual_trigger":{"enabledWorkflows":[]},"_links":{"self":[{"href":"http:\/\/forotf.com\/pt\/wp-json\/wp\/v2\/product\/4520","targetHints":{"allow":["GET"]}}],"collection":[{"href":"http:\/\/forotf.com\/pt\/wp-json\/wp\/v2\/product"}],"about":[{"href":"http:\/\/forotf.com\/pt\/wp-json\/wp\/v2\/types\/product"}],"replies":[{"embeddable":true,"href":"http:\/\/forotf.com\/pt\/wp-json\/wp\/v2\/comments?post=4520"}],"wp:featuredmedia":[{"embeddable":true,"href":"http:\/\/forotf.com\/pt\/wp-json\/wp\/v2\/media\/4521"}],"wp:attachment":[{"href":"http:\/\/forotf.com\/pt\/wp-json\/wp\/v2\/media?parent=4520"}],"wp:term":[{"taxonomy":"product_brand","embeddable":true,"href":"http:\/\/forotf.com\/pt\/wp-json\/wp\/v2\/product_brand?post=4520"},{"taxonomy":"product_cat","embeddable":true,"href":"http:\/\/forotf.com\/pt\/wp-json\/wp\/v2\/product_cat?post=4520"},{"taxonomy":"product_tag","embeddable":true,"href":"http:\/\/forotf.com\/pt\/wp-json\/wp\/v2\/product_tag?post=4520"}],"curies":[{"name":"wp","href":"https:\/\/api.w.org\/{rel}","templated":true}]}}